{"id":8107,"date":"2025-05-13T14:42:28","date_gmt":"2025-05-13T12:42:28","guid":{"rendered":"https:\/\/lux-sonnensegel.de\/?page_id=8107"},"modified":"2025-05-13T14:42:32","modified_gmt":"2025-05-13T12:42:32","slug":"pipeport","status":"publish","type":"page","link":"https:\/\/lux-sonnensegel.de\/es\/pipeport\/","title":{"rendered":"PipePort"},"content":{"rendered":"<div id=\"wp-block-themeisle-blocks-popup-c87e4d2d\" class=\"wp-block-themeisle-blocks-popup is-front with-outside-button has-light-bg\" data-open=\"onClick\" data-dismiss=\"\" data-time=\"\" data-anchor=\"M-400\" data-offset=\"\" data-outside=\"true\" data-anchorclose=\"\" data-lock-scrolling=\"1\"><div class=\"otter-popup__modal_wrap\"><div role=\"presentation\" class=\"otter-popup__modal_wrap_overlay\"><\/div><div class=\"otter-popup__modal_content\"><div class=\"otter-popup__modal_header\"><button type=\"button\" class=\"components-button has-icon\"><svg width=\"24\" height=\"24\" xmlns=\"http:\/\/www.w3.org\/2000\/svg\" viewbox=\"0 0 24 24\" role=\"img\" aria-hidden=\"true\"><path d=\"M12 13.06l3.712 3.713 1.061-1.06L13.061 12l3.712-3.712-1.06-1.06L12 10.938 8.288 7.227l-1.061 1.06L10.939 12l-3.712 3.712 1.06 1.061L12 13.061z\"><\/path><\/svg><\/button><\/div><div class=\"otter-popup__modal_body\">\n<div id=\"wp-block-themeisle-blocks-advanced-columns-107a6558\" class=\"wp-block-themeisle-blocks-advanced-columns has-2-columns has-desktop-equal-layout has-tablet-equal-layout has-mobile-collapsedRows-layout has-vertical-top\"><div class=\"wp-block-themeisle-blocks-advanced-columns-overlay\"><\/div><div class=\"innerblocks-wrap\">\n<div id=\"wp-block-themeisle-blocks-advanced-column-7572cf4c\" class=\"wp-block-themeisle-blocks-advanced-column\">\n<p id=\"wp-block-themeisle-blocks-advanced-heading-c529d113\" class=\"wp-block-themeisle-blocks-advanced-heading wp-block-themeisle-blocks-advanced-heading-c529d113\">Carport solar<\/p>\n\n\n\n<h2 id=\"wp-block-themeisle-blocks-advanced-heading-ba2a72ce\" class=\"wp-block-themeisle-blocks-advanced-heading wp-block-themeisle-blocks-advanced-heading-ba2a72ce\"><strong>M-400<\/strong><\/h2>\n\n\n\n<p class=\"has-nv-dark-bg-color has-text-color has-link-color wp-elements-edc9c29f497d56055a75b2eb9d6f9044\">Ya sea en la zona peatonal o junto al lago. Nuestra M-400 destaca en todas partes. Combinado con m\u00f3dulos semitransparentes de doble acristalamiento, crea un conjunto est\u00e9ticamente agradable que protege el coche de las inclemencias del tiempo. Ideal para aparcamientos peque\u00f1os.<\/p>\n\n\n\n<div class=\"wp-block-buttons is-layout-flex wp-block-buttons-is-layout-flex\">\n<div class=\"wp-block-button is-style-primary\"><a class=\"wp-block-button__link wp-element-button\" href=\"https:\/\/lux-sonnensegel.de\/wp-content\/uploads\/2025\/05\/2025-Carport-M.pdf\">Folleto<\/a><\/div>\n<\/div>\n<\/div>\n\n\n\n<div id=\"wp-block-themeisle-blocks-advanced-column-1553a72d\" class=\"wp-block-themeisle-blocks-advanced-column\">\n<figure class=\"wp-block-image size-full has-custom-border\"><img data-recalc-dims=\"1\" loading=\"lazy\" decoding=\"async\" width=\"500\" height=\"300\" data-attachment-id=\"8036\" data-permalink=\"https:\/\/lux-sonnensegel.de\/es\/solar\/2025-grid-1-seite-impressionen-03\/\" data-orig-file=\"https:\/\/i0.wp.com\/lux-sonnensegel.de\/wp-content\/uploads\/2025\/05\/2025-Grid-1.-Seite-Impressionen-03.png?fit=500%2C300&amp;quality=80&amp;ssl=1\" data-orig-size=\"500,300\" data-comments-opened=\"0\" data-image-meta=\"{&quot;aperture&quot;:&quot;0&quot;,&quot;credit&quot;:&quot;&quot;,&quot;camera&quot;:&quot;&quot;,&quot;caption&quot;:&quot;&quot;,&quot;created_timestamp&quot;:&quot;0&quot;,&quot;copyright&quot;:&quot;&quot;,&quot;focal_length&quot;:&quot;0&quot;,&quot;iso&quot;:&quot;0&quot;,&quot;shutter_speed&quot;:&quot;0&quot;,&quot;title&quot;:&quot;&quot;,&quot;orientation&quot;:&quot;0&quot;}\" data-image-title=\"2025-Grid 1. Seite &amp;#8211; Impressionen 03\" data-image-description=\"\" data-image-caption=\"\" data-large-file=\"https:\/\/i0.wp.com\/lux-sonnensegel.de\/wp-content\/uploads\/2025\/05\/2025-Grid-1.-Seite-Impressionen-03.png?fit=500%2C300&amp;quality=80&amp;ssl=1\" src=\"https:\/\/i0.wp.com\/lux-sonnensegel.de\/wp-content\/uploads\/2025\/05\/2025-Grid-1.-Seite-Impressionen-03.png?resize=500%2C300&#038;quality=80&#038;ssl=1\" alt=\"\" class=\"wp-image-8036\" style=\"border-radius:10px\" srcset=\"https:\/\/i0.wp.com\/lux-sonnensegel.de\/wp-content\/uploads\/2025\/05\/2025-Grid-1.-Seite-Impressionen-03.png?w=500&amp;quality=80&amp;ssl=1 500w, https:\/\/i0.wp.com\/lux-sonnensegel.de\/wp-content\/uploads\/2025\/05\/2025-Grid-1.-Seite-Impressionen-03.png?resize=300%2C180&amp;quality=80&amp;ssl=1 300w, https:\/\/i0.wp.com\/lux-sonnensegel.de\/wp-content\/uploads\/2025\/05\/2025-Grid-1.-Seite-Impressionen-03.png?resize=18%2C12&amp;quality=80&amp;ssl=1 18w\" sizes=\"auto, (max-width: 500px) 100vw, 500px\" \/><\/figure>\n\n\n\n<div style=\"height:9px\" aria-hidden=\"true\" class=\"wp-block-spacer\"><\/div>\n\n\n<div class=\"wp-block-image\">\n<figure class=\"aligncenter size-full is-resized\"><img data-recalc-dims=\"1\" loading=\"lazy\" decoding=\"async\" width=\"201\" height=\"114\" data-attachment-id=\"5281\" data-permalink=\"https:\/\/lux-sonnensegel.de\/es\/solar-carport-bausatz-kaufen-doppelglas-pv\/3-2\/\" data-orig-file=\"https:\/\/i0.wp.com\/lux-sonnensegel.de\/wp-content\/uploads\/2024\/11\/3-1.png?fit=201%2C114&amp;quality=80&amp;ssl=1\" data-orig-size=\"201,114\" data-comments-opened=\"1\" data-image-meta=\"{&quot;aperture&quot;:&quot;0&quot;,&quot;credit&quot;:&quot;&quot;,&quot;camera&quot;:&quot;&quot;,&quot;caption&quot;:&quot;&quot;,&quot;created_timestamp&quot;:&quot;0&quot;,&quot;copyright&quot;:&quot;&quot;,&quot;focal_length&quot;:&quot;0&quot;,&quot;iso&quot;:&quot;0&quot;,&quot;shutter_speed&quot;:&quot;0&quot;,&quot;title&quot;:&quot;&quot;,&quot;orientation&quot;:&quot;0&quot;}\" data-image-title=\"2025 &amp;#8211; Reichweite Carport M\" data-image-description=\"\" data-image-caption=\"\" data-large-file=\"https:\/\/i0.wp.com\/lux-sonnensegel.de\/wp-content\/uploads\/2024\/11\/3-1.png?fit=201%2C114&amp;quality=80&amp;ssl=1\" src=\"https:\/\/i0.wp.com\/lux-sonnensegel.de\/wp-content\/uploads\/2024\/11\/3-1.png?resize=201%2C114&#038;quality=80&#038;ssl=1\" alt=\"\" class=\"wp-image-5281\" style=\"width:150px\" srcset=\"https:\/\/i0.wp.com\/lux-sonnensegel.de\/wp-content\/uploads\/2024\/11\/3-1.png?w=201&amp;quality=80&amp;ssl=1 201w, https:\/\/i0.wp.com\/lux-sonnensegel.de\/wp-content\/uploads\/2024\/11\/3-1.png?resize=18%2C10&amp;quality=80&amp;ssl=1 18w\" sizes=\"auto, (max-width: 201px) 100vw, 201px\" \/><\/figure>\n<\/div>\n\n\n<p class=\"has-text-align-center has-nv-dark-bg-color has-text-color has-link-color wp-elements-286baca0336659699721ea45ab04bc98\"><strong>Potencia aprox. 2 kW<\/strong><\/p>\n<\/div>\n<\/div><\/div>\n\n\n\n<div id=\"wp-block-themeisle-blocks-advanced-columns-737e35ba\" class=\"wp-block-themeisle-blocks-advanced-columns has-1-columns has-desktop-equal-layout has-tablet-equal-layout has-mobile-collapsedRows-layout has-vertical-center\"><div class=\"wp-block-themeisle-blocks-advanced-columns-overlay\"><\/div><div class=\"innerblocks-wrap\">\n<div id=\"wp-block-themeisle-blocks-advanced-column-ac8b711d\" class=\"wp-block-themeisle-blocks-advanced-column has-light-bg\">\n<div id=\"wp-block-themeisle-blocks-font-awesome-icons-b48e7dc7\" class=\"wp-block-themeisle-blocks-font-awesome-icons\"><span class=\"wp-block-themeisle-blocks-font-awesome-icons-container nan-padding\"><i class=\"fas fa-ruler-combined\"><\/i><\/span><\/div>\n\n\n\n<p class=\"has-text-align-center\">Anchura aprox. 3,13 m<br>Profundidad<sup>*<\/sup> aprox. 4,01 m<br>Altura de la entrada aprox. 2,28 m<br>Altura trasera aprox. 1,93 m<\/p>\n\n\n\n<p class=\"has-text-align-center\"><em><sup>*<\/sup>Opcionalmente tambi\u00e9n disponible con una profundidad de 3,30 metros.<\/em><\/p>\n<\/div>\n<\/div><\/div>\n<\/div><\/div><\/div><\/div>\n\n\n\n<div id=\"wp-block-themeisle-blocks-popup-c615eefd\" class=\"nv-cv-m wp-block-themeisle-blocks-popup is-front with-outside-button has-light-bg\" data-open=\"onClick\" data-dismiss=\"\" data-time=\"\" data-anchor=\"L-500\" data-offset=\"\" data-outside=\"true\" data-anchorclose=\"\" data-lock-scrolling=\"1\"><div class=\"otter-popup__modal_wrap\"><div role=\"presentation\" class=\"otter-popup__modal_wrap_overlay\"><\/div><div class=\"otter-popup__modal_content\"><div class=\"otter-popup__modal_header\"><button type=\"button\" class=\"components-button has-icon\"><svg width=\"24\" height=\"24\" xmlns=\"http:\/\/www.w3.org\/2000\/svg\" viewbox=\"0 0 24 24\" role=\"img\" aria-hidden=\"true\"><path d=\"M12 13.06l3.712 3.713 1.061-1.06L13.061 12l3.712-3.712-1.06-1.06L12 10.938 8.288 7.227l-1.061 1.06L10.939 12l-3.712 3.712 1.06 1.061L12 13.061z\"><\/path><\/svg><\/button><\/div><div class=\"otter-popup__modal_body\">\n<div id=\"wp-block-themeisle-blocks-advanced-columns-0256c992\" class=\"wp-block-themeisle-blocks-advanced-columns has-2-columns has-desktop-equal-layout has-tablet-equal-layout has-mobile-collapsedRows-layout has-vertical-top\"><div class=\"wp-block-themeisle-blocks-advanced-columns-overlay\"><\/div><div class=\"innerblocks-wrap\">\n<div id=\"wp-block-themeisle-blocks-advanced-column-a56e5333\" class=\"wp-block-themeisle-blocks-advanced-column\">\n<p id=\"wp-block-themeisle-blocks-advanced-heading-6988a464\" class=\"wp-block-themeisle-blocks-advanced-heading wp-block-themeisle-blocks-advanced-heading-6988a464\">Carport solar<\/p>\n\n\n\n<h2 id=\"wp-block-themeisle-blocks-advanced-heading-b40a4ef4\" class=\"wp-block-themeisle-blocks-advanced-heading wp-block-themeisle-blocks-advanced-heading-b40a4ef4\"><strong>L-500<\/strong><\/h2>\n\n\n\n<p class=\"has-nv-dark-bg-color has-text-color has-link-color wp-elements-0a103d3c36a7183df2adc3266ea1fb85\">Con una profundidad de 5 metros, el Solar Carport L ofrece espacio suficiente, incluso para coches familiares. Con una potencia de 3 kW, los m\u00f3dulos semitransparentes de doble acristalamiento generan electricidad respetuosa con el medio ambiente y confieren al aparcamiento un dise\u00f1o moderno.<\/p>\n<\/div>\n\n\n\n<div id=\"wp-block-themeisle-blocks-advanced-column-3c872011\" class=\"wp-block-themeisle-blocks-advanced-column\">\n<figure class=\"wp-block-image size-full has-custom-border\"><img data-recalc-dims=\"1\" loading=\"lazy\" decoding=\"async\" width=\"1200\" height=\"832\" data-attachment-id=\"5219\" data-permalink=\"https:\/\/lux-sonnensegel.de\/es\/solar-carport-bausatz-kaufen-doppelglas-pv\/carport-l_tesla_s_gp_edited-3\/\" data-orig-file=\"https:\/\/i0.wp.com\/lux-sonnensegel.de\/wp-content\/uploads\/2024\/11\/Carport-L_Tesla_s_GP_edited-2.jpg?fit=1757%2C1218&amp;quality=89&amp;ssl=1\" data-orig-size=\"1757,1218\" data-comments-opened=\"1\" data-image-meta=\"{&quot;aperture&quot;:&quot;0&quot;,&quot;credit&quot;:&quot;&quot;,&quot;camera&quot;:&quot;&quot;,&quot;caption&quot;:&quot;&quot;,&quot;created_timestamp&quot;:&quot;0&quot;,&quot;copyright&quot;:&quot;&quot;,&quot;focal_length&quot;:&quot;0&quot;,&quot;iso&quot;:&quot;0&quot;,&quot;shutter_speed&quot;:&quot;0&quot;,&quot;title&quot;:&quot;&quot;,&quot;orientation&quot;:&quot;0&quot;}\" data-image-title=\"Carport-L_Tesla_s_GP_edited\" data-image-description=\"\" data-image-caption=\"\" data-large-file=\"https:\/\/i0.wp.com\/lux-sonnensegel.de\/wp-content\/uploads\/2024\/11\/Carport-L_Tesla_s_GP_edited-2.jpg?fit=1024%2C710&amp;quality=89&amp;ssl=1\" src=\"https:\/\/i0.wp.com\/lux-sonnensegel.de\/wp-content\/uploads\/2024\/11\/Carport-L_Tesla_s_GP_edited-2.jpg?resize=1200%2C832&#038;quality=89&#038;ssl=1\" alt=\"Solar-Carport L-500\" class=\"wp-image-5219\" style=\"border-radius:10px\" srcset=\"https:\/\/i0.wp.com\/lux-sonnensegel.de\/wp-content\/uploads\/2024\/11\/Carport-L_Tesla_s_GP_edited-2.jpg?w=1757&amp;quality=89&amp;ssl=1 1757w, https:\/\/i0.wp.com\/lux-sonnensegel.de\/wp-content\/uploads\/2024\/11\/Carport-L_Tesla_s_GP_edited-2.jpg?resize=300%2C208&amp;quality=89&amp;ssl=1 300w, https:\/\/i0.wp.com\/lux-sonnensegel.de\/wp-content\/uploads\/2024\/11\/Carport-L_Tesla_s_GP_edited-2.jpg?resize=1024%2C710&amp;quality=89&amp;ssl=1 1024w, https:\/\/i0.wp.com\/lux-sonnensegel.de\/wp-content\/uploads\/2024\/11\/Carport-L_Tesla_s_GP_edited-2.jpg?resize=768%2C532&amp;quality=89&amp;ssl=1 768w, https:\/\/i0.wp.com\/lux-sonnensegel.de\/wp-content\/uploads\/2024\/11\/Carport-L_Tesla_s_GP_edited-2.jpg?resize=1536%2C1065&amp;quality=89&amp;ssl=1 1536w, https:\/\/i0.wp.com\/lux-sonnensegel.de\/wp-content\/uploads\/2024\/11\/Carport-L_Tesla_s_GP_edited-2.jpg?resize=18%2C12&amp;quality=89&amp;ssl=1 18w\" sizes=\"auto, (max-width: 1200px) 100vw, 1200px\" \/><\/figure>\n\n\n\n<div style=\"height:9px\" aria-hidden=\"true\" class=\"wp-block-spacer\"><\/div>\n\n\n<div class=\"wp-block-image\">\n<figure class=\"aligncenter size-full is-resized\"><img data-recalc-dims=\"1\" loading=\"lazy\" decoding=\"async\" width=\"200\" height=\"114\" data-attachment-id=\"5282\" data-permalink=\"https:\/\/lux-sonnensegel.de\/es\/solar-carport-bausatz-kaufen-doppelglas-pv\/attachment\/4\/\" data-orig-file=\"https:\/\/i0.wp.com\/lux-sonnensegel.de\/wp-content\/uploads\/2024\/11\/4.png?fit=200%2C114&amp;quality=80&amp;ssl=1\" data-orig-size=\"200,114\" data-comments-opened=\"1\" data-image-meta=\"{&quot;aperture&quot;:&quot;0&quot;,&quot;credit&quot;:&quot;&quot;,&quot;camera&quot;:&quot;&quot;,&quot;caption&quot;:&quot;&quot;,&quot;created_timestamp&quot;:&quot;0&quot;,&quot;copyright&quot;:&quot;&quot;,&quot;focal_length&quot;:&quot;0&quot;,&quot;iso&quot;:&quot;0&quot;,&quot;shutter_speed&quot;:&quot;0&quot;,&quot;title&quot;:&quot;&quot;,&quot;orientation&quot;:&quot;0&quot;}\" data-image-title=\"2025 &amp;#8211; Reichweite Carport L\" data-image-description=\"\" data-image-caption=\"\" data-large-file=\"https:\/\/i0.wp.com\/lux-sonnensegel.de\/wp-content\/uploads\/2024\/11\/4.png?fit=200%2C114&amp;quality=80&amp;ssl=1\" src=\"https:\/\/i0.wp.com\/lux-sonnensegel.de\/wp-content\/uploads\/2024\/11\/4.png?resize=200%2C114&#038;quality=80&#038;ssl=1\" alt=\"\" class=\"wp-image-5282\" style=\"width:150px\" srcset=\"https:\/\/i0.wp.com\/lux-sonnensegel.de\/wp-content\/uploads\/2024\/11\/4.png?w=200&amp;quality=80&amp;ssl=1 200w, https:\/\/i0.wp.com\/lux-sonnensegel.de\/wp-content\/uploads\/2024\/11\/4.png?resize=18%2C10&amp;quality=80&amp;ssl=1 18w\" sizes=\"auto, (max-width: 200px) 100vw, 200px\" \/><\/figure>\n<\/div>\n\n\n<p class=\"has-text-align-center\"><strong>Potencia aprox. 3 kW<\/strong><\/p>\n<\/div>\n<\/div><\/div>\n\n\n\n<div id=\"wp-block-themeisle-blocks-advanced-columns-adeece34\" class=\"wp-block-themeisle-blocks-advanced-columns has-1-columns has-desktop-equal-layout has-tablet-equal-layout has-mobile-collapsedRows-layout has-vertical-center\"><div class=\"wp-block-themeisle-blocks-advanced-columns-overlay\"><\/div><div class=\"innerblocks-wrap\">\n<div id=\"wp-block-themeisle-blocks-advanced-column-786d8a37\" class=\"wp-block-themeisle-blocks-advanced-column has-light-bg\">\n<div id=\"wp-block-themeisle-blocks-font-awesome-icons-c28f0eae\" class=\"wp-block-themeisle-blocks-font-awesome-icons\"><span class=\"wp-block-themeisle-blocks-font-awesome-icons-container nan-padding\"><i class=\"fas fa-ruler-combined\"><\/i><\/span><\/div>\n\n\n\n<p class=\"has-text-align-center\">Anchura aprox. 3,13 m<br>Profundidad<sup>*<\/sup> aprox. 5,04 m<br>Altura de la entrada aprox. 2,38 m<br>Altura trasera aprox. 1,93 m<\/p>\n\n\n\n<p class=\"has-text-align-center\"><em><sup>*<\/sup>Opcionalmente tambi\u00e9n disponible con una profundidad de 6,00 m.<\/em><\/p>\n<\/div>\n<\/div><\/div>\n<\/div><\/div><\/div><\/div>\n\n\n\n<div id=\"wp-block-themeisle-blocks-popup-08e053f6\" class=\"nv-cv-d nv-cv-m wp-block-themeisle-blocks-popup is-front with-outside-button has-light-bg\" data-open=\"onClick\" data-dismiss=\"\" data-time=\"\" data-anchor=\"XXL-500\" data-offset=\"\" data-outside=\"true\" data-anchorclose=\"\" data-lock-scrolling=\"1\"><div class=\"otter-popup__modal_wrap\"><div role=\"presentation\" class=\"otter-popup__modal_wrap_overlay\"><\/div><div class=\"otter-popup__modal_content\"><div class=\"otter-popup__modal_header\"><button type=\"button\" class=\"components-button has-icon\"><svg width=\"24\" height=\"24\" xmlns=\"http:\/\/www.w3.org\/2000\/svg\" viewbox=\"0 0 24 24\" role=\"img\" aria-hidden=\"true\"><path d=\"M12 13.06l3.712 3.713 1.061-1.06L13.061 12l3.712-3.712-1.06-1.06L12 10.938 8.288 7.227l-1.061 1.06L10.939 12l-3.712 3.712 1.06 1.061L12 13.061z\"><\/path><\/svg><\/button><\/div><div class=\"otter-popup__modal_body\">\n<div id=\"wp-block-themeisle-blocks-advanced-columns-dbfb4fe0\" class=\"wp-block-themeisle-blocks-advanced-columns has-2-columns has-desktop-equal-layout has-tablet-equal-layout has-mobile-collapsedRows-layout has-vertical-top\"><div class=\"wp-block-themeisle-blocks-advanced-columns-overlay\"><\/div><div class=\"innerblocks-wrap\">\n<div id=\"wp-block-themeisle-blocks-advanced-column-333d5317\" class=\"wp-block-themeisle-blocks-advanced-column\">\n<p id=\"wp-block-themeisle-blocks-advanced-heading-8ede0367\" class=\"wp-block-themeisle-blocks-advanced-heading wp-block-themeisle-blocks-advanced-heading-8ede0367\">Carport solar<\/p>\n\n\n\n<h2 id=\"wp-block-themeisle-blocks-advanced-heading-6bd208c9\" class=\"wp-block-themeisle-blocks-advanced-heading wp-block-themeisle-blocks-advanced-heading-6bd208c9\"><strong>XXL<\/strong><\/h2>\n\n\n\n<p class=\"has-nv-dark-bg-color has-text-color has-link-color wp-elements-0299ad468ea8782aa25b06f9be6d34bb\">Con una anchura de 5 metros, el Carport XXL ofrece espacio para dos veh\u00edculos uno al lado del otro. Gracias a los ingeniosos soportes, es f\u00e1cil entrar y salir en cualquier momento. Para veh\u00edculos m\u00e1s grandes, como coches familiares, existen los modelos XXL-600 o XXL-700 con una profundidad de 6,00 metros o 7,00 metros.<\/p>\n<\/div>\n\n\n\n<div id=\"wp-block-themeisle-blocks-advanced-column-4e68af2b\" class=\"wp-block-themeisle-blocks-advanced-column\">\n<figure class=\"wp-block-image size-full has-custom-border\"><img data-recalc-dims=\"1\" decoding=\"async\" data-attachment-id=\"5254\" data-permalink=\"https:\/\/lux-sonnensegel.de\/es\/solar-carport-bausatz-kaufen-doppelglas-pv\/2025-carport-2xl\/\" data-orig-file=\"https:\/\/i0.wp.com\/lux-sonnensegel.de\/wp-content\/uploads\/2024\/11\/Carport-XXL_Schmitt-e1747051032577.jpg?fit=570%2C350&amp;quality=89&amp;ssl=1\" data-orig-size=\"570,350\" data-comments-opened=\"1\" data-image-meta=\"{&quot;aperture&quot;:&quot;6.3&quot;,&quot;credit&quot;:&quot;&quot;,&quot;camera&quot;:&quot;ILCA-77M2&quot;,&quot;caption&quot;:&quot;&quot;,&quot;created_timestamp&quot;:&quot;1471110307&quot;,&quot;copyright&quot;:&quot;&quot;,&quot;focal_length&quot;:&quot;28&quot;,&quot;iso&quot;:&quot;100&quot;,&quot;shutter_speed&quot;:&quot;0.01&quot;,&quot;title&quot;:&quot;&quot;,&quot;orientation&quot;:&quot;1&quot;}\" data-image-title=\"2025-Carport 2XL\" data-image-description=\"\" data-image-caption=\"\" data-large-file=\"https:\/\/i0.wp.com\/lux-sonnensegel.de\/wp-content\/uploads\/2024\/11\/Carport-XXL_Schmitt-e1747051032577.jpg?fit=1024%2C684&amp;quality=89&amp;ssl=1\" src=\"https:\/\/i0.wp.com\/lux-sonnensegel.de\/wp-content\/uploads\/2024\/11\/Carport-XXL_Schmitt.jpg?w=1200&#038;quality=89&#038;ssl=1\" alt=\"\" class=\"wp-image-5254\" style=\"border-radius:10px\"\/><\/figure>\n\n\n\n<div style=\"height:9px\" aria-hidden=\"true\" class=\"wp-block-spacer\"><\/div>\n\n\n<div class=\"wp-block-image\">\n<figure class=\"aligncenter size-full is-resized\"><img data-recalc-dims=\"1\" loading=\"lazy\" decoding=\"async\" width=\"200\" height=\"115\" data-attachment-id=\"5308\" data-permalink=\"https:\/\/lux-sonnensegel.de\/es\/solar-carport-bausatz-kaufen-doppelglas-pv\/attachment\/5\/\" data-orig-file=\"https:\/\/i0.wp.com\/lux-sonnensegel.de\/wp-content\/uploads\/2024\/11\/5.png?fit=200%2C115&amp;quality=80&amp;ssl=1\" data-orig-size=\"200,115\" data-comments-opened=\"1\" data-image-meta=\"{&quot;aperture&quot;:&quot;0&quot;,&quot;credit&quot;:&quot;&quot;,&quot;camera&quot;:&quot;&quot;,&quot;caption&quot;:&quot;&quot;,&quot;created_timestamp&quot;:&quot;0&quot;,&quot;copyright&quot;:&quot;&quot;,&quot;focal_length&quot;:&quot;0&quot;,&quot;iso&quot;:&quot;0&quot;,&quot;shutter_speed&quot;:&quot;0&quot;,&quot;title&quot;:&quot;&quot;,&quot;orientation&quot;:&quot;0&quot;}\" data-image-title=\"2025 &amp;#8211; Reichweite Carport 2XL\" data-image-description=\"\" data-image-caption=\"\" data-large-file=\"https:\/\/i0.wp.com\/lux-sonnensegel.de\/wp-content\/uploads\/2024\/11\/5.png?fit=200%2C115&amp;quality=80&amp;ssl=1\" src=\"https:\/\/i0.wp.com\/lux-sonnensegel.de\/wp-content\/uploads\/2024\/11\/5.png?resize=200%2C115&#038;quality=80&#038;ssl=1\" alt=\"\" class=\"wp-image-5308\" style=\"width:150px\" srcset=\"https:\/\/i0.wp.com\/lux-sonnensegel.de\/wp-content\/uploads\/2024\/11\/5.png?w=200&amp;quality=80&amp;ssl=1 200w, https:\/\/i0.wp.com\/lux-sonnensegel.de\/wp-content\/uploads\/2024\/11\/5.png?resize=18%2C10&amp;quality=80&amp;ssl=1 18w\" sizes=\"auto, (max-width: 200px) 100vw, 200px\" \/><\/figure>\n<\/div>\n\n\n<p class=\"has-text-align-center\"><strong>Potencia aprox. 5 kW<\/strong><\/p>\n<\/div>\n<\/div><\/div>\n\n\n\n<div id=\"wp-block-themeisle-blocks-advanced-columns-7bd9da46\" class=\"wp-block-themeisle-blocks-advanced-columns has-1-columns has-desktop-equal-layout has-tablet-equal-layout has-mobile-collapsedRows-layout has-vertical-center\"><div class=\"wp-block-themeisle-blocks-advanced-columns-overlay\"><\/div><div class=\"innerblocks-wrap\">\n<div id=\"wp-block-themeisle-blocks-advanced-column-d1459937\" class=\"wp-block-themeisle-blocks-advanced-column has-light-bg\">\n<div id=\"wp-block-themeisle-blocks-font-awesome-icons-9e5a1a23\" class=\"wp-block-themeisle-blocks-font-awesome-icons\"><span class=\"wp-block-themeisle-blocks-font-awesome-icons-container nan-padding\"><i class=\"fas fa-ruler-combined\"><\/i><\/span><\/div>\n\n\n\n<p class=\"has-text-align-center\">Anchura aprox. 5,17 m<br>Profundidad<sup>*<\/sup> aprox. 5,04 m<br>Altura de la entrada aprox. 2,38 m<br>Altura trasera aprox. 1,93 m<\/p>\n\n\n\n<p class=\"has-text-align-center\"><em><sup>*<\/sup>Opcionalmente tambi\u00e9n disponible con una profundidad de 6,00 m o 7,00 m.<\/em><\/p>\n<\/div>\n<\/div><\/div>\n<\/div><\/div><\/div><\/div>\n\n\n\n<div id=\"wp-block-themeisle-blocks-popup-d69663a7\" class=\"nv-cv-d nv-cv-m wp-block-themeisle-blocks-popup is-front with-outside-button has-light-bg\" data-open=\"onClick\" data-dismiss=\"\" data-time=\"\" data-anchor=\"XXXL-600\" data-offset=\"\" data-outside=\"true\" data-anchorclose=\"\" data-lock-scrolling=\"1\"><div class=\"otter-popup__modal_wrap\"><div role=\"presentation\" class=\"otter-popup__modal_wrap_overlay\"><\/div><div class=\"otter-popup__modal_content\"><div class=\"otter-popup__modal_header\"><button type=\"button\" class=\"components-button has-icon\"><svg width=\"24\" height=\"24\" xmlns=\"http:\/\/www.w3.org\/2000\/svg\" viewbox=\"0 0 24 24\" role=\"img\" aria-hidden=\"true\"><path d=\"M12 13.06l3.712 3.713 1.061-1.06L13.061 12l3.712-3.712-1.06-1.06L12 10.938 8.288 7.227l-1.061 1.06L10.939 12l-3.712 3.712 1.06 1.061L12 13.061z\"><\/path><\/svg><\/button><\/div><div class=\"otter-popup__modal_body\">\n<div id=\"wp-block-themeisle-blocks-advanced-columns-5e57d985\" class=\"wp-block-themeisle-blocks-advanced-columns has-2-columns has-desktop-equal-layout has-tablet-equal-layout has-mobile-collapsedRows-layout has-vertical-top\"><div class=\"wp-block-themeisle-blocks-advanced-columns-overlay\"><\/div><div class=\"innerblocks-wrap\">\n<div id=\"wp-block-themeisle-blocks-advanced-column-0f4a9e62\" class=\"wp-block-themeisle-blocks-advanced-column\">\n<p id=\"wp-block-themeisle-blocks-advanced-heading-c7e1ced8\" class=\"wp-block-themeisle-blocks-advanced-heading wp-block-themeisle-blocks-advanced-heading-c7e1ced8\">Carport solar<\/p>\n\n\n\n<h2 id=\"wp-block-themeisle-blocks-advanced-heading-cc40c0c8\" class=\"wp-block-themeisle-blocks-advanced-heading wp-block-themeisle-blocks-advanced-heading-cc40c0c8\"><strong>3XL<\/strong><\/h2>\n\n\n\n<p class=\"has-nv-dark-bg-color has-text-color has-link-color wp-elements-b42d7baa6fe5794ba280eee5601e4948\">El Solar Carport 3XL ofrece espacio para dos coches grandes y una moto. Con los soportes extendidos opcionales, incluso se pueden aparcar dos autocaravanas una al lado de la otra, como se muestra en la foto de arriba. Ideal para necesidades vers\u00e1tiles.<\/p>\n<\/div>\n\n\n\n<div id=\"wp-block-themeisle-blocks-advanced-column-a8eafcf2\" class=\"wp-block-themeisle-blocks-advanced-column\">\n<figure class=\"wp-block-image size-large is-resized has-custom-border\"><img data-recalc-dims=\"1\" loading=\"lazy\" decoding=\"async\" width=\"1024\" height=\"768\" data-attachment-id=\"5213\" data-permalink=\"https:\/\/lux-sonnensegel.de\/es\/solar-carport-bausatz-kaufen-doppelglas-pv\/20201024_171530\/\" data-orig-file=\"https:\/\/i0.wp.com\/lux-sonnensegel.de\/wp-content\/uploads\/2024\/11\/20201024_171530-scaled-e1747050966722.jpg?fit=570%2C350&amp;quality=89&amp;ssl=1\" data-orig-size=\"570,350\" data-comments-opened=\"1\" data-image-meta=\"{&quot;aperture&quot;:&quot;2.4&quot;,&quot;credit&quot;:&quot;&quot;,&quot;camera&quot;:&quot;SM-G970F&quot;,&quot;caption&quot;:&quot;&quot;,&quot;created_timestamp&quot;:&quot;1603559730&quot;,&quot;copyright&quot;:&quot;&quot;,&quot;focal_length&quot;:&quot;4.32&quot;,&quot;iso&quot;:&quot;50&quot;,&quot;shutter_speed&quot;:&quot;0.00255754475703&quot;,&quot;title&quot;:&quot;&quot;,&quot;orientation&quot;:&quot;1&quot;}\" data-image-title=\"2025 &amp;#8211; Carport 3XL\" data-image-description=\"\" data-image-caption=\"\" data-large-file=\"https:\/\/i0.wp.com\/lux-sonnensegel.de\/wp-content\/uploads\/2024\/11\/20201024_171530-scaled-e1747050966722.jpg?fit=1024%2C768&amp;quality=89&amp;ssl=1\" src=\"https:\/\/i0.wp.com\/lux-sonnensegel.de\/wp-content\/uploads\/2024\/11\/20201024_171530.jpg?resize=1024%2C768&#038;quality=89&#038;ssl=1\" alt=\"\" class=\"wp-image-5213\" style=\"border-radius:10px;width:350px\"\/><\/figure>\n\n\n\n<div style=\"height:9px\" aria-hidden=\"true\" class=\"wp-block-spacer\"><\/div>\n\n\n<div class=\"wp-block-image\">\n<figure class=\"aligncenter size-full\"><img data-recalc-dims=\"1\" loading=\"lazy\" decoding=\"async\" width=\"200\" height=\"115\" data-attachment-id=\"5311\" data-permalink=\"https:\/\/lux-sonnensegel.de\/es\/solar-carport-bausatz-kaufen-doppelglas-pv\/attachment\/6\/\" data-orig-file=\"https:\/\/i0.wp.com\/lux-sonnensegel.de\/wp-content\/uploads\/2024\/11\/6.png?fit=200%2C115&amp;quality=80&amp;ssl=1\" data-orig-size=\"200,115\" data-comments-opened=\"1\" data-image-meta=\"{&quot;aperture&quot;:&quot;0&quot;,&quot;credit&quot;:&quot;&quot;,&quot;camera&quot;:&quot;&quot;,&quot;caption&quot;:&quot;&quot;,&quot;created_timestamp&quot;:&quot;0&quot;,&quot;copyright&quot;:&quot;&quot;,&quot;focal_length&quot;:&quot;0&quot;,&quot;iso&quot;:&quot;0&quot;,&quot;shutter_speed&quot;:&quot;0&quot;,&quot;title&quot;:&quot;&quot;,&quot;orientation&quot;:&quot;0&quot;}\" data-image-title=\"2025 &amp;#8211; Reichweite Carport 3XL\" data-image-description=\"\" data-image-caption=\"\" data-large-file=\"https:\/\/i0.wp.com\/lux-sonnensegel.de\/wp-content\/uploads\/2024\/11\/6.png?fit=200%2C115&amp;quality=80&amp;ssl=1\" src=\"https:\/\/i0.wp.com\/lux-sonnensegel.de\/wp-content\/uploads\/2024\/11\/6.png?resize=200%2C115&#038;quality=80&#038;ssl=1\" alt=\"\" class=\"wp-image-5311\" style=\"object-fit:cover\" srcset=\"https:\/\/i0.wp.com\/lux-sonnensegel.de\/wp-content\/uploads\/2024\/11\/6.png?w=200&amp;quality=80&amp;ssl=1 200w, https:\/\/i0.wp.com\/lux-sonnensegel.de\/wp-content\/uploads\/2024\/11\/6.png?resize=18%2C10&amp;quality=80&amp;ssl=1 18w\" sizes=\"auto, (max-width: 200px) 100vw, 200px\" \/><\/figure>\n<\/div>\n\n\n<p class=\"has-text-align-center\"><strong>Potencia aprox. 6 kW<\/strong><\/p>\n<\/div>\n<\/div><\/div>\n\n\n\n<div id=\"wp-block-themeisle-blocks-advanced-columns-b868e775\" class=\"wp-block-themeisle-blocks-advanced-columns has-1-columns has-desktop-equal-layout has-tablet-equal-layout has-mobile-collapsedRows-layout has-vertical-center\"><div class=\"wp-block-themeisle-blocks-advanced-columns-overlay\"><\/div><div class=\"innerblocks-wrap\">\n<div id=\"wp-block-themeisle-blocks-advanced-column-2af10c42\" class=\"wp-block-themeisle-blocks-advanced-column has-light-bg\">\n<div id=\"wp-block-themeisle-blocks-font-awesome-icons-507c5d26\" class=\"wp-block-themeisle-blocks-font-awesome-icons\"><span class=\"wp-block-themeisle-blocks-font-awesome-icons-container nan-padding\"><i class=\"fas fa-ruler-combined\"><\/i><\/span><\/div>\n\n\n\n<p class=\"has-text-align-center\">Anchura aprox. 6,18 m<br>Profundidad<sup>*<\/sup> aprox. 5,04 m<br>Altura de la entrada aprox. 2,38 m<br>Altura trasera aprox. 1,93 m<\/p>\n\n\n\n<p class=\"has-text-align-center\"><em><sup>*<\/sup>Opcionalmente tambi\u00e9n disponible con una profundidad de 6,00 m o 7,00 m.<\/em><\/p>\n<\/div>\n<\/div><\/div>\n<\/div><\/div><\/div><\/div>\n\n\n\n<div id=\"wp-block-themeisle-blocks-popup-1ee40178\" class=\"nv-cv-d nv-cv-m wp-block-themeisle-blocks-popup is-front with-outside-button has-light-bg\" data-open=\"onClick\" data-dismiss=\"\" data-time=\"\" data-anchor=\"XXXXL-700\" data-offset=\"\" data-outside=\"true\" data-anchorclose=\"\" data-lock-scrolling=\"1\"><div class=\"otter-popup__modal_wrap\"><div role=\"presentation\" class=\"otter-popup__modal_wrap_overlay\"><\/div><div class=\"otter-popup__modal_content\"><div class=\"otter-popup__modal_header\"><button type=\"button\" class=\"components-button has-icon\"><svg width=\"24\" height=\"24\" xmlns=\"http:\/\/www.w3.org\/2000\/svg\" viewbox=\"0 0 24 24\" role=\"img\" aria-hidden=\"true\"><path d=\"M12 13.06l3.712 3.713 1.061-1.06L13.061 12l3.712-3.712-1.06-1.06L12 10.938 8.288 7.227l-1.061 1.06L10.939 12l-3.712 3.712 1.06 1.061L12 13.061z\"><\/path><\/svg><\/button><\/div><div class=\"otter-popup__modal_body\">\n<div id=\"wp-block-themeisle-blocks-advanced-columns-8a50f85c\" class=\"wp-block-themeisle-blocks-advanced-columns has-2-columns has-desktop-equal-layout has-tablet-equal-layout has-mobile-collapsedRows-layout has-vertical-top\"><div class=\"wp-block-themeisle-blocks-advanced-columns-overlay\"><\/div><div class=\"innerblocks-wrap\">\n<div id=\"wp-block-themeisle-blocks-advanced-column-b25a371c\" class=\"wp-block-themeisle-blocks-advanced-column\">\n<p id=\"wp-block-themeisle-blocks-advanced-heading-ae145209\" class=\"wp-block-themeisle-blocks-advanced-heading wp-block-themeisle-blocks-advanced-heading-ae145209\">Carport solar<\/p>\n\n\n\n<h2 id=\"wp-block-themeisle-blocks-advanced-heading-04369b76\" class=\"wp-block-themeisle-blocks-advanced-heading wp-block-themeisle-blocks-advanced-heading-04369b76\"><strong>4XL<\/strong><\/h2>\n\n\n\n<p class=\"has-nv-dark-bg-color has-text-color has-link-color wp-elements-e752ad3b549ba9d7cdb33dd6881b859e\">Con una anchura de unos 7 metros, el Carport 4XL ofrece espacio suficiente para varios coches.<\/p>\n<\/div>\n\n\n\n<div id=\"wp-block-themeisle-blocks-advanced-column-b809135d\" class=\"wp-block-themeisle-blocks-advanced-column\">\n<figure class=\"wp-block-image size-full has-custom-border\"><img data-recalc-dims=\"1\" decoding=\"async\" data-attachment-id=\"5314\" data-permalink=\"https:\/\/lux-sonnensegel.de\/es\/solar-carport-bausatz-kaufen-doppelglas-pv\/attachment\/7\/\" data-orig-file=\"https:\/\/i0.wp.com\/lux-sonnensegel.de\/wp-content\/uploads\/2024\/11\/7-e1747050978752.png?fit=570%2C350&amp;quality=80&amp;ssl=1\" data-orig-size=\"570,350\" data-comments-opened=\"1\" data-image-meta=\"{&quot;aperture&quot;:&quot;0&quot;,&quot;credit&quot;:&quot;&quot;,&quot;camera&quot;:&quot;&quot;,&quot;caption&quot;:&quot;&quot;,&quot;created_timestamp&quot;:&quot;0&quot;,&quot;copyright&quot;:&quot;&quot;,&quot;focal_length&quot;:&quot;0&quot;,&quot;iso&quot;:&quot;0&quot;,&quot;shutter_speed&quot;:&quot;0&quot;,&quot;title&quot;:&quot;&quot;,&quot;orientation&quot;:&quot;0&quot;}\" data-image-title=\"2025 &amp;#8211; Carport 4XL\" data-image-description=\"\" data-image-caption=\"\" data-large-file=\"https:\/\/i0.wp.com\/lux-sonnensegel.de\/wp-content\/uploads\/2024\/11\/7-e1747050978752.png?fit=1024%2C780&amp;quality=80&amp;ssl=1\" src=\"https:\/\/i0.wp.com\/lux-sonnensegel.de\/wp-content\/uploads\/2024\/11\/7.png?w=1200&#038;quality=80&#038;ssl=1\" alt=\"\" class=\"wp-image-5314\" style=\"border-radius:10px\"\/><\/figure>\n\n\n\n<div style=\"height:9px\" aria-hidden=\"true\" class=\"wp-block-spacer\"><\/div>\n\n\n<div class=\"wp-block-image\">\n<figure class=\"aligncenter size-full is-resized\"><img data-recalc-dims=\"1\" loading=\"lazy\" decoding=\"async\" width=\"200\" height=\"114\" data-attachment-id=\"5315\" data-permalink=\"https:\/\/lux-sonnensegel.de\/es\/solar-carport-bausatz-kaufen-doppelglas-pv\/attachment\/8\/\" data-orig-file=\"https:\/\/i0.wp.com\/lux-sonnensegel.de\/wp-content\/uploads\/2024\/11\/8.png?fit=200%2C114&amp;quality=80&amp;ssl=1\" data-orig-size=\"200,114\" data-comments-opened=\"1\" data-image-meta=\"{&quot;aperture&quot;:&quot;0&quot;,&quot;credit&quot;:&quot;&quot;,&quot;camera&quot;:&quot;&quot;,&quot;caption&quot;:&quot;&quot;,&quot;created_timestamp&quot;:&quot;0&quot;,&quot;copyright&quot;:&quot;&quot;,&quot;focal_length&quot;:&quot;0&quot;,&quot;iso&quot;:&quot;0&quot;,&quot;shutter_speed&quot;:&quot;0&quot;,&quot;title&quot;:&quot;&quot;,&quot;orientation&quot;:&quot;0&quot;}\" data-image-title=\"2025 &amp;#8211; Reichweite Carport 4XL\" data-image-description=\"\" data-image-caption=\"\" data-large-file=\"https:\/\/i0.wp.com\/lux-sonnensegel.de\/wp-content\/uploads\/2024\/11\/8.png?fit=200%2C114&amp;quality=80&amp;ssl=1\" src=\"https:\/\/i0.wp.com\/lux-sonnensegel.de\/wp-content\/uploads\/2024\/11\/8.png?resize=200%2C114&#038;quality=80&#038;ssl=1\" alt=\"\" class=\"wp-image-5315\" style=\"width:150px\" srcset=\"https:\/\/i0.wp.com\/lux-sonnensegel.de\/wp-content\/uploads\/2024\/11\/8.png?w=200&amp;quality=80&amp;ssl=1 200w, https:\/\/i0.wp.com\/lux-sonnensegel.de\/wp-content\/uploads\/2024\/11\/8.png?resize=18%2C10&amp;quality=80&amp;ssl=1 18w\" sizes=\"auto, (max-width: 200px) 100vw, 200px\" \/><\/figure>\n<\/div>\n\n\n<p class=\"has-text-align-center\"><strong>Potencia aprox. 6 kW<\/strong><\/p>\n<\/div>\n<\/div><\/div>\n\n\n\n<div id=\"wp-block-themeisle-blocks-advanced-columns-54317270\" class=\"wp-block-themeisle-blocks-advanced-columns has-1-columns has-desktop-equal-layout has-tablet-equal-layout has-mobile-collapsedRows-layout has-vertical-center\"><div class=\"wp-block-themeisle-blocks-advanced-columns-overlay\"><\/div><div class=\"innerblocks-wrap\">\n<div id=\"wp-block-themeisle-blocks-advanced-column-af64e32d\" class=\"wp-block-themeisle-blocks-advanced-column has-light-bg\">\n<div id=\"wp-block-themeisle-blocks-font-awesome-icons-8e287582\" class=\"wp-block-themeisle-blocks-font-awesome-icons\"><span class=\"wp-block-themeisle-blocks-font-awesome-icons-container nan-padding\"><i class=\"fas fa-ruler-combined\"><\/i><\/span><\/div>\n\n\n\n<p class=\"has-text-align-center\">Anchura aprox. 7,18 m<br>Profundidad<sup>*<\/sup> aprox. 5,04 m<br>Altura de la entrada aprox. 2,38 m<br>Altura trasera aprox. 1,93 m<\/p>\n\n\n\n<p class=\"has-text-align-center\"><em><sup>*<\/sup>Opcionalmente tambi\u00e9n disponible con una profundidad de 6,00 m o 7,00 m.<\/em><\/p>\n<\/div>\n<\/div><\/div>\n<\/div><\/div><\/div><\/div>\n\n\n\n<div id=\"wp-block-themeisle-blocks-advanced-columns-498a0b25\" class=\"nv-cv-d nv-cv-m wp-block-themeisle-blocks-advanced-columns alignfull has-2-columns has-desktop-equal-layout has-tablet-equal-layout has-mobile-collapsedRows-layout has-vertical-center\"><div class=\"wp-block-themeisle-blocks-advanced-columns-overlay\"><\/div><div class=\"innerblocks-wrap\">\n<div id=\"wp-block-themeisle-blocks-advanced-column-6b77424d\" class=\"wp-block-themeisle-blocks-advanced-column\">\n<div class=\"wp-block-cover wp-duotone-grayscale\" style=\"border-radius:10px\"><img data-recalc-dims=\"1\" decoding=\"async\" data-attachment-id=\"5253\" data-permalink=\"https:\/\/lux-sonnensegel.de\/es\/solar-carport-bausatz-kaufen-doppelglas-pv\/m-l_carport_bearb\/\" data-orig-file=\"https:\/\/i0.wp.com\/lux-sonnensegel.de\/wp-content\/uploads\/2024\/11\/M-L_Carport_bearb-e1747051013699.jpg?fit=570%2C350&amp;quality=89&amp;ssl=1\" data-orig-size=\"570,350\" data-comments-opened=\"1\" data-image-meta=\"{&quot;aperture&quot;:&quot;0&quot;,&quot;credit&quot;:&quot;&quot;,&quot;camera&quot;:&quot;&quot;,&quot;caption&quot;:&quot;&quot;,&quot;created_timestamp&quot;:&quot;0&quot;,&quot;copyright&quot;:&quot;&quot;,&quot;focal_length&quot;:&quot;0&quot;,&quot;iso&quot;:&quot;0&quot;,&quot;shutter_speed&quot;:&quot;0&quot;,&quot;title&quot;:&quot;&quot;,&quot;orientation&quot;:&quot;1&quot;}\" data-image-title=\"2025 &amp;#8211; Carport M\" data-image-description=\"\" data-image-caption=\"\" data-large-file=\"https:\/\/i0.wp.com\/lux-sonnensegel.de\/wp-content\/uploads\/2024\/11\/M-L_Carport_bearb-e1747051013699.jpg?fit=1024%2C659&amp;quality=89&amp;ssl=1\" class=\"wp-block-cover__image-background wp-image-5253\" alt=\"Solar-Carport M-400\" src=\"https:\/\/i0.wp.com\/lux-sonnensegel.de\/wp-content\/uploads\/2024\/11\/M-L_Carport_bearb.jpg?w=1200&#038;quality=89&#038;ssl=1\" data-object-fit=\"cover\"\/><span aria-hidden=\"true\" class=\"wp-block-cover__background has-nv-dark-bg-background-color has-background-dim\"><\/span><div class=\"wp-block-cover__inner-container is-layout-flow wp-block-cover-is-layout-flow\">\n<h2 id=\"wp-block-themeisle-blocks-advanced-heading-584e1b0e\" class=\"wp-block-themeisle-blocks-advanced-heading wp-block-themeisle-blocks-advanced-heading-584e1b0e\"><strong>M-400<\/strong><\/h2>\n\n\n\n<div class=\"wp-block-buttons is-content-justification-center is-layout-flex wp-container-core-buttons-is-layout-16018d1d wp-block-buttons-is-layout-flex\">\n<div class=\"wp-block-button is-style-primary\"><a class=\"wp-block-button__link wp-element-button\" href=\"#M-400\">m\u00e1s<\/a><\/div>\n<\/div>\n<\/div><\/div>\n<\/div>\n\n\n\n<div id=\"wp-block-themeisle-blocks-advanced-column-ceec86a6\" class=\"wp-block-themeisle-blocks-advanced-column\">\n<div class=\"wp-block-cover wp-duotone-grayscale\" style=\"border-radius:10px\"><img data-recalc-dims=\"1\" loading=\"lazy\" decoding=\"async\" width=\"1200\" height=\"832\" data-attachment-id=\"5219\" data-permalink=\"https:\/\/lux-sonnensegel.de\/es\/solar-carport-bausatz-kaufen-doppelglas-pv\/carport-l_tesla_s_gp_edited-3\/\" data-orig-file=\"https:\/\/i0.wp.com\/lux-sonnensegel.de\/wp-content\/uploads\/2024\/11\/Carport-L_Tesla_s_GP_edited-2.jpg?fit=1757%2C1218&amp;quality=89&amp;ssl=1\" data-orig-size=\"1757,1218\" data-comments-opened=\"1\" data-image-meta=\"{&quot;aperture&quot;:&quot;0&quot;,&quot;credit&quot;:&quot;&quot;,&quot;camera&quot;:&quot;&quot;,&quot;caption&quot;:&quot;&quot;,&quot;created_timestamp&quot;:&quot;0&quot;,&quot;copyright&quot;:&quot;&quot;,&quot;focal_length&quot;:&quot;0&quot;,&quot;iso&quot;:&quot;0&quot;,&quot;shutter_speed&quot;:&quot;0&quot;,&quot;title&quot;:&quot;&quot;,&quot;orientation&quot;:&quot;0&quot;}\" data-image-title=\"Carport-L_Tesla_s_GP_edited\" data-image-description=\"\" data-image-caption=\"\" data-large-file=\"https:\/\/i0.wp.com\/lux-sonnensegel.de\/wp-content\/uploads\/2024\/11\/Carport-L_Tesla_s_GP_edited-2.jpg?fit=1024%2C710&amp;quality=89&amp;ssl=1\" class=\"wp-block-cover__image-background wp-image-5219\" alt=\"Solar-Carport L\" src=\"https:\/\/i0.wp.com\/lux-sonnensegel.de\/wp-content\/uploads\/2024\/11\/Carport-L_Tesla_s_GP_edited-2.jpg?resize=1200%2C832&#038;quality=89&#038;ssl=1\" data-object-fit=\"cover\" srcset=\"https:\/\/i0.wp.com\/lux-sonnensegel.de\/wp-content\/uploads\/2024\/11\/Carport-L_Tesla_s_GP_edited-2.jpg?w=1757&amp;quality=89&amp;ssl=1 1757w, https:\/\/i0.wp.com\/lux-sonnensegel.de\/wp-content\/uploads\/2024\/11\/Carport-L_Tesla_s_GP_edited-2.jpg?resize=300%2C208&amp;quality=89&amp;ssl=1 300w, https:\/\/i0.wp.com\/lux-sonnensegel.de\/wp-content\/uploads\/2024\/11\/Carport-L_Tesla_s_GP_edited-2.jpg?resize=1024%2C710&amp;quality=89&amp;ssl=1 1024w, https:\/\/i0.wp.com\/lux-sonnensegel.de\/wp-content\/uploads\/2024\/11\/Carport-L_Tesla_s_GP_edited-2.jpg?resize=768%2C532&amp;quality=89&amp;ssl=1 768w, https:\/\/i0.wp.com\/lux-sonnensegel.de\/wp-content\/uploads\/2024\/11\/Carport-L_Tesla_s_GP_edited-2.jpg?resize=1536%2C1065&amp;quality=89&amp;ssl=1 1536w, https:\/\/i0.wp.com\/lux-sonnensegel.de\/wp-content\/uploads\/2024\/11\/Carport-L_Tesla_s_GP_edited-2.jpg?resize=18%2C12&amp;quality=89&amp;ssl=1 18w\" sizes=\"auto, (max-width: 1200px) 100vw, 1200px\" \/><span aria-hidden=\"true\" class=\"wp-block-cover__background has-nv-dark-bg-background-color has-background-dim\"><\/span><div class=\"wp-block-cover__inner-container is-layout-flow wp-block-cover-is-layout-flow\">\n<h2 id=\"wp-block-themeisle-blocks-advanced-heading-5131de44\" class=\"wp-block-themeisle-blocks-advanced-heading wp-block-themeisle-blocks-advanced-heading-5131de44\"><strong>L-500<\/strong><\/h2>\n\n\n\n<div class=\"wp-block-buttons is-content-justification-center is-layout-flex wp-container-core-buttons-is-layout-16018d1d wp-block-buttons-is-layout-flex\">\n<div class=\"wp-block-button is-style-primary\"><a class=\"wp-block-button__link wp-element-button\" href=\"#L-500\">m\u00e1s<\/a><\/div>\n<\/div>\n<\/div><\/div>\n<\/div>\n<\/div><\/div>\n\n\n\n<div id=\"wp-block-themeisle-blocks-advanced-columns-98308132\" class=\"nv-cv-d nv-cv-m wp-block-themeisle-blocks-advanced-columns alignfull has-2-columns has-desktop-equal-layout has-tablet-equal-layout has-mobile-collapsedRows-layout has-vertical-center\"><div class=\"wp-block-themeisle-blocks-advanced-columns-overlay\"><\/div><div class=\"innerblocks-wrap\">\n<div id=\"wp-block-themeisle-blocks-advanced-column-152307e6\" class=\"wp-block-themeisle-blocks-advanced-column\">\n<div class=\"wp-block-cover wp-duotone-grayscale\" style=\"border-radius:10px\"><img data-recalc-dims=\"1\" decoding=\"async\" data-attachment-id=\"5254\" data-permalink=\"https:\/\/lux-sonnensegel.de\/es\/solar-carport-bausatz-kaufen-doppelglas-pv\/2025-carport-2xl\/\" data-orig-file=\"https:\/\/i0.wp.com\/lux-sonnensegel.de\/wp-content\/uploads\/2024\/11\/Carport-XXL_Schmitt-e1747051032577.jpg?fit=570%2C350&amp;quality=89&amp;ssl=1\" data-orig-size=\"570,350\" data-comments-opened=\"1\" data-image-meta=\"{&quot;aperture&quot;:&quot;6.3&quot;,&quot;credit&quot;:&quot;&quot;,&quot;camera&quot;:&quot;ILCA-77M2&quot;,&quot;caption&quot;:&quot;&quot;,&quot;created_timestamp&quot;:&quot;1471110307&quot;,&quot;copyright&quot;:&quot;&quot;,&quot;focal_length&quot;:&quot;28&quot;,&quot;iso&quot;:&quot;100&quot;,&quot;shutter_speed&quot;:&quot;0.01&quot;,&quot;title&quot;:&quot;&quot;,&quot;orientation&quot;:&quot;1&quot;}\" data-image-title=\"2025-Carport 2XL\" data-image-description=\"\" data-image-caption=\"\" data-large-file=\"https:\/\/i0.wp.com\/lux-sonnensegel.de\/wp-content\/uploads\/2024\/11\/Carport-XXL_Schmitt-e1747051032577.jpg?fit=1024%2C684&amp;quality=89&amp;ssl=1\" class=\"wp-block-cover__image-background wp-image-5254\" alt=\"\" src=\"https:\/\/i0.wp.com\/lux-sonnensegel.de\/wp-content\/uploads\/2024\/11\/Carport-XXL_Schmitt.jpg?w=1200&#038;quality=89&#038;ssl=1\" data-object-fit=\"cover\"\/><span aria-hidden=\"true\" class=\"wp-block-cover__background has-nv-dark-bg-background-color has-background-dim\"><\/span><div class=\"wp-block-cover__inner-container is-layout-flow wp-block-cover-is-layout-flow\">\n<h2 id=\"wp-block-themeisle-blocks-advanced-heading-ce54423c\" class=\"wp-block-themeisle-blocks-advanced-heading wp-block-themeisle-blocks-advanced-heading-ce54423c\"><strong>XXL<\/strong><\/h2>\n\n\n\n<div class=\"wp-block-buttons is-content-justification-center is-layout-flex wp-container-core-buttons-is-layout-16018d1d wp-block-buttons-is-layout-flex\">\n<div class=\"wp-block-button is-style-primary\"><a class=\"wp-block-button__link wp-element-button\" href=\"#XXL-500\">m\u00e1s<\/a><\/div>\n<\/div>\n<\/div><\/div>\n<\/div>\n\n\n\n<div id=\"wp-block-themeisle-blocks-advanced-column-bcf7d12b\" class=\"wp-block-themeisle-blocks-advanced-column\">\n<div class=\"wp-block-cover wp-duotone-grayscale\" style=\"border-radius:10px\"><img data-recalc-dims=\"1\" decoding=\"async\" data-attachment-id=\"5213\" data-permalink=\"https:\/\/lux-sonnensegel.de\/es\/solar-carport-bausatz-kaufen-doppelglas-pv\/20201024_171530\/\" data-orig-file=\"https:\/\/i0.wp.com\/lux-sonnensegel.de\/wp-content\/uploads\/2024\/11\/20201024_171530-scaled-e1747050966722.jpg?fit=570%2C350&amp;quality=89&amp;ssl=1\" data-orig-size=\"570,350\" data-comments-opened=\"1\" data-image-meta=\"{&quot;aperture&quot;:&quot;2.4&quot;,&quot;credit&quot;:&quot;&quot;,&quot;camera&quot;:&quot;SM-G970F&quot;,&quot;caption&quot;:&quot;&quot;,&quot;created_timestamp&quot;:&quot;1603559730&quot;,&quot;copyright&quot;:&quot;&quot;,&quot;focal_length&quot;:&quot;4.32&quot;,&quot;iso&quot;:&quot;50&quot;,&quot;shutter_speed&quot;:&quot;0.00255754475703&quot;,&quot;title&quot;:&quot;&quot;,&quot;orientation&quot;:&quot;1&quot;}\" data-image-title=\"2025 &amp;#8211; Carport 3XL\" data-image-description=\"\" data-image-caption=\"\" data-large-file=\"https:\/\/i0.wp.com\/lux-sonnensegel.de\/wp-content\/uploads\/2024\/11\/20201024_171530-scaled-e1747050966722.jpg?fit=1024%2C768&amp;quality=89&amp;ssl=1\" class=\"wp-block-cover__image-background wp-image-5213\" alt=\"Solar-Carport 3XL\" src=\"https:\/\/i0.wp.com\/lux-sonnensegel.de\/wp-content\/uploads\/2024\/11\/20201024_171530-scaled.jpg?w=1200&#038;quality=89&#038;ssl=1\" data-object-fit=\"cover\"\/><span aria-hidden=\"true\" class=\"wp-block-cover__background has-nv-dark-bg-background-color has-background-dim\"><\/span><div class=\"wp-block-cover__inner-container is-layout-flow wp-block-cover-is-layout-flow\">\n<h2 id=\"wp-block-themeisle-blocks-advanced-heading-5aca96cb\" class=\"wp-block-themeisle-blocks-advanced-heading wp-block-themeisle-blocks-advanced-heading-5aca96cb\"><strong>3XL<\/strong><\/h2>\n\n\n\n<div class=\"wp-block-buttons is-content-justification-center is-layout-flex wp-container-core-buttons-is-layout-16018d1d wp-block-buttons-is-layout-flex\">\n<div class=\"wp-block-button is-style-primary\"><a class=\"wp-block-button__link wp-element-button\" href=\"#XXXL-600\">m\u00e1s<\/a><\/div>\n<\/div>\n<\/div><\/div>\n<\/div>\n<\/div><\/div>\n\n\n\n<div id=\"wp-block-themeisle-blocks-advanced-columns-e4b28875\" class=\"nv-cv-d nv-cv-m wp-block-themeisle-blocks-advanced-columns alignfull has-1-columns has-desktop-equal-layout has-tablet-equal-layout has-mobile-collapsedRows-layout has-vertical-center\"><div class=\"wp-block-themeisle-blocks-advanced-columns-overlay\"><\/div><div class=\"innerblocks-wrap\">\n<div id=\"wp-block-themeisle-blocks-advanced-column-0ea3271b\" class=\"wp-block-themeisle-blocks-advanced-column\">\n<div class=\"wp-block-cover wp-duotone-grayscale\" style=\"border-radius:10px\"><img data-recalc-dims=\"1\" decoding=\"async\" data-attachment-id=\"5314\" data-permalink=\"https:\/\/lux-sonnensegel.de\/es\/solar-carport-bausatz-kaufen-doppelglas-pv\/attachment\/7\/\" data-orig-file=\"https:\/\/i0.wp.com\/lux-sonnensegel.de\/wp-content\/uploads\/2024\/11\/7-e1747050978752.png?fit=570%2C350&amp;quality=80&amp;ssl=1\" data-orig-size=\"570,350\" data-comments-opened=\"1\" data-image-meta=\"{&quot;aperture&quot;:&quot;0&quot;,&quot;credit&quot;:&quot;&quot;,&quot;camera&quot;:&quot;&quot;,&quot;caption&quot;:&quot;&quot;,&quot;created_timestamp&quot;:&quot;0&quot;,&quot;copyright&quot;:&quot;&quot;,&quot;focal_length&quot;:&quot;0&quot;,&quot;iso&quot;:&quot;0&quot;,&quot;shutter_speed&quot;:&quot;0&quot;,&quot;title&quot;:&quot;&quot;,&quot;orientation&quot;:&quot;0&quot;}\" data-image-title=\"2025 &amp;#8211; Carport 4XL\" data-image-description=\"\" data-image-caption=\"\" data-large-file=\"https:\/\/i0.wp.com\/lux-sonnensegel.de\/wp-content\/uploads\/2024\/11\/7-e1747050978752.png?fit=1024%2C780&amp;quality=80&amp;ssl=1\" class=\"wp-block-cover__image-background wp-image-5314\" alt=\"\" src=\"https:\/\/i0.wp.com\/lux-sonnensegel.de\/wp-content\/uploads\/2024\/11\/7.png?w=1200&#038;quality=80&#038;ssl=1\" data-object-fit=\"cover\"\/><span aria-hidden=\"true\" class=\"wp-block-cover__background has-nv-dark-bg-background-color has-background-dim\"><\/span><div class=\"wp-block-cover__inner-container is-layout-flow wp-block-cover-is-layout-flow\">\n<h2 id=\"wp-block-themeisle-blocks-advanced-heading-afd724af\" class=\"wp-block-themeisle-blocks-advanced-heading wp-block-themeisle-blocks-advanced-heading-afd724af\"><strong>4XL<\/strong><\/h2>\n\n\n\n<div class=\"wp-block-buttons is-content-justification-center is-layout-flex wp-container-core-buttons-is-layout-16018d1d wp-block-buttons-is-layout-flex\">\n<div class=\"wp-block-button is-style-primary\"><a class=\"wp-block-button__link wp-element-button\" href=\"#XXXXL-700\">m\u00e1s<\/a><\/div>\n<\/div>\n<\/div><\/div>\n<\/div>\n<\/div><\/div>","protected":false},"excerpt":{"rendered":"","protected":false},"author":2,"featured_media":0,"parent":0,"menu_order":0,"comment_status":"closed","ping_status":"closed","template":"","meta":{"neve_meta_sidebar":"","neve_meta_container":"","neve_meta_enable_content_width":"","neve_meta_content_width":0,"neve_meta_title_alignment":"","neve_meta_author_avatar":"","neve_post_elements_order":"","neve_meta_disable_header":"","neve_meta_disable_footer":"","neve_meta_disable_title":"","neve_meta_reading_time":"","_themeisle_gutenberg_block_has_review":false,"_ti_tpc_template_sync":false,"_ti_tpc_template_id":"","footnotes":""},"class_list":["post-8107","page","type-page","status-publish","hentry"],"yoast_head":"<!-- This site is optimized with the Yoast SEO Premium plugin v27.0 (Yoast SEO v27.0) - https:\/\/yoast.com\/product\/yoast-seo-premium-wordpress\/ -->\n<title>PipePort - LUX Sonnensegel<\/title>\n<meta name=\"robots\" content=\"index, follow, max-snippet:-1, max-image-preview:large, max-video-preview:-1\" \/>\n<link rel=\"canonical\" href=\"https:\/\/lux-sonnensegel.de\/es\/pipeport\/\" \/>\n<meta property=\"og:locale\" content=\"es_ES\" \/>\n<meta property=\"og:type\" content=\"article\" \/>\n<meta property=\"og:title\" content=\"PipePort\" \/>\n<meta property=\"og:url\" content=\"https:\/\/lux-sonnensegel.de\/es\/pipeport\/\" \/>\n<meta property=\"og:site_name\" content=\"LUX Sonnensegel\" \/>\n<meta property=\"article:publisher\" content=\"https:\/\/www.facebook.com\/profile.php?id=61554761846864\" \/>\n<meta property=\"article:modified_time\" content=\"2025-05-13T12:42:32+00:00\" \/>\n<meta property=\"og:image\" content=\"https:\/\/lux-sonnensegel.de\/wp-content\/uploads\/2025\/05\/2025-Grid-1.-Seite-Impressionen-03.png\" \/>\n<meta name=\"twitter:card\" content=\"summary_large_image\" \/>\n<meta name=\"twitter:label1\" content=\"Est. reading time\" \/>\n\t<meta name=\"twitter:data1\" content=\"5 minutos\" \/>\n<script type=\"application\/ld+json\" class=\"yoast-schema-graph\">{\"@context\":\"https:\/\/schema.org\",\"@graph\":[{\"@type\":\"WebPage\",\"@id\":\"https:\/\/lux-sonnensegel.de\/pipeport\/\",\"url\":\"https:\/\/lux-sonnensegel.de\/pipeport\/\",\"name\":\"PipePort - LUX Sonnensegel\",\"isPartOf\":{\"@id\":\"https:\/\/lux-sonnensegel.de\/en\/#website\"},\"primaryImageOfPage\":{\"@id\":\"https:\/\/lux-sonnensegel.de\/pipeport\/#primaryimage\"},\"image\":{\"@id\":\"https:\/\/lux-sonnensegel.de\/pipeport\/#primaryimage\"},\"thumbnailUrl\":\"https:\/\/lux-sonnensegel.de\/wp-content\/uploads\/2025\/05\/2025-Grid-1.-Seite-Impressionen-03.png\",\"datePublished\":\"2025-05-13T12:42:28+00:00\",\"dateModified\":\"2025-05-13T12:42:32+00:00\",\"breadcrumb\":{\"@id\":\"https:\/\/lux-sonnensegel.de\/pipeport\/#breadcrumb\"},\"inLanguage\":\"es-DO\",\"potentialAction\":[{\"@type\":\"ReadAction\",\"target\":[\"https:\/\/lux-sonnensegel.de\/pipeport\/\"]}]},{\"@type\":\"ImageObject\",\"inLanguage\":\"es-DO\",\"@id\":\"https:\/\/lux-sonnensegel.de\/pipeport\/#primaryimage\",\"url\":\"https:\/\/lux-sonnensegel.de\/wp-content\/uploads\/2025\/05\/2025-Grid-1.-Seite-Impressionen-03.png\",\"contentUrl\":\"https:\/\/lux-sonnensegel.de\/wp-content\/uploads\/2025\/05\/2025-Grid-1.-Seite-Impressionen-03.png\"},{\"@type\":\"BreadcrumbList\",\"@id\":\"https:\/\/lux-sonnensegel.de\/pipeport\/#breadcrumb\",\"itemListElement\":[{\"@type\":\"ListItem\",\"position\":1,\"name\":\"Startseite\",\"item\":\"https:\/\/lux-sonnensegel.de\/\"},{\"@type\":\"ListItem\",\"position\":2,\"name\":\"PipePort\"}]},{\"@type\":\"WebSite\",\"@id\":\"https:\/\/lux-sonnensegel.de\/en\/#website\",\"url\":\"https:\/\/lux-sonnensegel.de\/en\/\",\"name\":\"LUX Sonnensegel\",\"description\":\"\",\"publisher\":{\"@id\":\"https:\/\/lux-sonnensegel.de\/en\/#organization\"},\"potentialAction\":[{\"@type\":\"SearchAction\",\"target\":{\"@type\":\"EntryPoint\",\"urlTemplate\":\"https:\/\/lux-sonnensegel.de\/en\/?s={search_term_string}\"},\"query-input\":{\"@type\":\"PropertyValueSpecification\",\"valueRequired\":true,\"valueName\":\"search_term_string\"}}],\"inLanguage\":\"es-DO\"},{\"@type\":\"Organization\",\"@id\":\"https:\/\/lux-sonnensegel.de\/en\/#organization\",\"name\":\"LUX Sonnensegel\",\"url\":\"https:\/\/lux-sonnensegel.de\/en\/\",\"logo\":{\"@type\":\"ImageObject\",\"inLanguage\":\"es-DO\",\"@id\":\"https:\/\/lux-sonnensegel.de\/en\/#\/schema\/logo\/image\/\",\"url\":\"https:\/\/i0.wp.com\/lux-sonnensegel.de\/wp-content\/uploads\/2024\/09\/cropped-2023.01_1035-Logo-LUX-Sonnensegel.png?fit=200%2C95&quality=80&ssl=1\",\"contentUrl\":\"https:\/\/i0.wp.com\/lux-sonnensegel.de\/wp-content\/uploads\/2024\/09\/cropped-2023.01_1035-Logo-LUX-Sonnensegel.png?fit=200%2C95&quality=80&ssl=1\",\"width\":200,\"height\":95,\"caption\":\"LUX Sonnensegel\"},\"image\":{\"@id\":\"https:\/\/lux-sonnensegel.de\/en\/#\/schema\/logo\/image\/\"},\"sameAs\":[\"https:\/\/www.facebook.com\/profile.php?id=61554761846864\"]}]}<\/script>\n<!-- \/ Yoast SEO Premium plugin. -->","yoast_head_json":{"title":"PipePort - LUX Sonnensegel","robots":{"index":"index","follow":"follow","max-snippet":"max-snippet:-1","max-image-preview":"max-image-preview:large","max-video-preview":"max-video-preview:-1"},"canonical":"https:\/\/lux-sonnensegel.de\/es\/pipeport\/","og_locale":"es_ES","og_type":"article","og_title":"PipePort","og_url":"https:\/\/lux-sonnensegel.de\/es\/pipeport\/","og_site_name":"LUX Sonnensegel","article_publisher":"https:\/\/www.facebook.com\/profile.php?id=61554761846864","article_modified_time":"2025-05-13T12:42:32+00:00","og_image":[{"url":"https:\/\/lux-sonnensegel.de\/wp-content\/uploads\/2025\/05\/2025-Grid-1.-Seite-Impressionen-03.png","type":"","width":"","height":""}],"twitter_card":"summary_large_image","twitter_misc":{"Est. reading time":"5 minutos"},"schema":{"@context":"https:\/\/schema.org","@graph":[{"@type":"WebPage","@id":"https:\/\/lux-sonnensegel.de\/pipeport\/","url":"https:\/\/lux-sonnensegel.de\/pipeport\/","name":"PipePort - LUX Sonnensegel","isPartOf":{"@id":"https:\/\/lux-sonnensegel.de\/en\/#website"},"primaryImageOfPage":{"@id":"https:\/\/lux-sonnensegel.de\/pipeport\/#primaryimage"},"image":{"@id":"https:\/\/lux-sonnensegel.de\/pipeport\/#primaryimage"},"thumbnailUrl":"https:\/\/lux-sonnensegel.de\/wp-content\/uploads\/2025\/05\/2025-Grid-1.-Seite-Impressionen-03.png","datePublished":"2025-05-13T12:42:28+00:00","dateModified":"2025-05-13T12:42:32+00:00","breadcrumb":{"@id":"https:\/\/lux-sonnensegel.de\/pipeport\/#breadcrumb"},"inLanguage":"es-DO","potentialAction":[{"@type":"ReadAction","target":["https:\/\/lux-sonnensegel.de\/pipeport\/"]}]},{"@type":"ImageObject","inLanguage":"es-DO","@id":"https:\/\/lux-sonnensegel.de\/pipeport\/#primaryimage","url":"https:\/\/lux-sonnensegel.de\/wp-content\/uploads\/2025\/05\/2025-Grid-1.-Seite-Impressionen-03.png","contentUrl":"https:\/\/lux-sonnensegel.de\/wp-content\/uploads\/2025\/05\/2025-Grid-1.-Seite-Impressionen-03.png"},{"@type":"BreadcrumbList","@id":"https:\/\/lux-sonnensegel.de\/pipeport\/#breadcrumb","itemListElement":[{"@type":"ListItem","position":1,"name":"Startseite","item":"https:\/\/lux-sonnensegel.de\/"},{"@type":"ListItem","position":2,"name":"PipePort"}]},{"@type":"WebSite","@id":"https:\/\/lux-sonnensegel.de\/en\/#website","url":"https:\/\/lux-sonnensegel.de\/en\/","name":"LUX Vela solar","description":"","publisher":{"@id":"https:\/\/lux-sonnensegel.de\/en\/#organization"},"potentialAction":[{"@type":"SearchAction","target":{"@type":"EntryPoint","urlTemplate":"https:\/\/lux-sonnensegel.de\/en\/?s={search_term_string}"},"query-input":{"@type":"PropertyValueSpecification","valueRequired":true,"valueName":"search_term_string"}}],"inLanguage":"es-DO"},{"@type":"Organization","@id":"https:\/\/lux-sonnensegel.de\/en\/#organization","name":"LUX Vela solar","url":"https:\/\/lux-sonnensegel.de\/en\/","logo":{"@type":"ImageObject","inLanguage":"es-DO","@id":"https:\/\/lux-sonnensegel.de\/en\/#\/schema\/logo\/image\/","url":"https:\/\/i0.wp.com\/lux-sonnensegel.de\/wp-content\/uploads\/2024\/09\/cropped-2023.01_1035-Logo-LUX-Sonnensegel.png?fit=200%2C95&quality=80&ssl=1","contentUrl":"https:\/\/i0.wp.com\/lux-sonnensegel.de\/wp-content\/uploads\/2024\/09\/cropped-2023.01_1035-Logo-LUX-Sonnensegel.png?fit=200%2C95&quality=80&ssl=1","width":200,"height":95,"caption":"LUX Sonnensegel"},"image":{"@id":"https:\/\/lux-sonnensegel.de\/en\/#\/schema\/logo\/image\/"},"sameAs":["https:\/\/www.facebook.com\/profile.php?id=61554761846864"]}]}},"jetpack_shortlink":"https:\/\/wp.me\/Pg1WFk-26L","jetpack_sharing_enabled":true,"_links":{"self":[{"href":"https:\/\/lux-sonnensegel.de\/es\/wp-json\/wp\/v2\/pages\/8107","targetHints":{"allow":["GET"]}}],"collection":[{"href":"https:\/\/lux-sonnensegel.de\/es\/wp-json\/wp\/v2\/pages"}],"about":[{"href":"https:\/\/lux-sonnensegel.de\/es\/wp-json\/wp\/v2\/types\/page"}],"author":[{"embeddable":true,"href":"https:\/\/lux-sonnensegel.de\/es\/wp-json\/wp\/v2\/users\/2"}],"replies":[{"embeddable":true,"href":"https:\/\/lux-sonnensegel.de\/es\/wp-json\/wp\/v2\/comments?post=8107"}],"version-history":[{"count":1,"href":"https:\/\/lux-sonnensegel.de\/es\/wp-json\/wp\/v2\/pages\/8107\/revisions"}],"predecessor-version":[{"id":8108,"href":"https:\/\/lux-sonnensegel.de\/es\/wp-json\/wp\/v2\/pages\/8107\/revisions\/8108"}],"wp:attachment":[{"href":"https:\/\/lux-sonnensegel.de\/es\/wp-json\/wp\/v2\/media?parent=8107"}],"curies":[{"name":"wp","href":"https:\/\/api.w.org\/{rel}","templated":true}]}}