{"id":5161,"date":"2024-11-27T11:04:17","date_gmt":"2024-11-27T10:04:17","guid":{"rendered":"https:\/\/lux-sonnensegel.de\/?page_id=5161"},"modified":"2025-05-20T10:44:59","modified_gmt":"2025-05-20T08:44:59","slug":"solar-parkplaetze","status":"publish","type":"page","link":"https:\/\/lux-sonnensegel.de\/en\/solar-parkplaetze\/","title":{"rendered":"Solar parking spaces"},"content":{"rendered":"\n<div id=\"wp-block-themeisle-blocks-advanced-columns-0fd63a08\" class=\"wp-block-themeisle-blocks-advanced-columns has-1-columns has-desktop-equal-layout has-tablet-equal-layout has-mobile-equal-layout has-vertical-unset\"><div class=\"wp-block-themeisle-blocks-advanced-columns-overlay\"><\/div><div class=\"innerblocks-wrap\">\n<div id=\"wp-block-themeisle-blocks-advanced-column-b7705be6\" class=\"wp-block-themeisle-blocks-advanced-column\">\n<div id=\"wp-block-themeisle-blocks-advanced-columns-41aa3748\" class=\"wp-block-themeisle-blocks-advanced-columns alignfull has-1-columns has-mobile-equal-layout hide-in-desktop hide-in-tablet has-vertical-center\"><div class=\"wp-block-themeisle-blocks-advanced-columns-overlay\"><\/div><div class=\"innerblocks-wrap\">\n<div id=\"wp-block-themeisle-blocks-advanced-column-529f9f74\" class=\"wp-block-themeisle-blocks-advanced-column\"><div class=\"wp-block-themeisle-blocks-advanced-column-overlay\"><\/div>\n<h2 id=\"wp-block-themeisle-blocks-advanced-heading-ce9cf845\" class=\"wp-block-themeisle-blocks-advanced-heading wp-block-themeisle-blocks-advanced-heading-ce9cf845\"><strong>SOLAR<sup><mark style=\"background-color:rgba(0, 0, 0, 0)\" class=\"has-inline-color has-neve-link-hover-color-color\">PARKPL\u00c4TZE<\/mark><\/sup><\/strong><\/h2>\n<\/div>\n<\/div><\/div>\n\n\n\n<div id=\"wp-block-themeisle-blocks-advanced-columns-c1e7363c\" class=\"wp-block-themeisle-blocks-advanced-columns alignfull has-1-columns has-desktop-equal-layout has-tablet-equal-layout hide-in-mobile has-vertical-center\"><div class=\"wp-block-themeisle-blocks-advanced-columns-overlay\"><\/div><div class=\"innerblocks-wrap\">\n<div id=\"wp-block-themeisle-blocks-advanced-column-082af735\" class=\"wp-block-themeisle-blocks-advanced-column\"><div class=\"wp-block-themeisle-blocks-advanced-column-overlay\"><\/div>\n<h1 id=\"wp-block-themeisle-blocks-advanced-heading-3318a065\" class=\"wp-block-themeisle-blocks-advanced-heading wp-block-themeisle-blocks-advanced-heading-3318a065\"><strong>SOLAR<sup><mark style=\"background-color:rgba(0, 0, 0, 0)\" class=\"has-inline-color has-neve-link-hover-color-color\">PARKPL\u00c4TZE<\/mark><\/sup><\/strong><\/h1>\n<\/div>\n<\/div><\/div>\n<\/div>\n<\/div><\/div>\n\n\n\n<div id=\"wp-block-themeisle-blocks-advanced-columns-0169afca\" class=\"wp-block-themeisle-blocks-advanced-columns alignfull has-1-columns has-desktop-equal-layout has-tablet-equal-layout has-mobile-equal-layout has-vertical-unset has-dark-bg\"><div class=\"wp-block-themeisle-blocks-advanced-columns-overlay\"><\/div><div class=\"innerblocks-wrap\">\n<div id=\"wp-block-themeisle-blocks-advanced-column-a421b245\" class=\"wp-block-themeisle-blocks-advanced-column\"><div\n\tclass=\"alignwide alignwide wp-block-evb-slider\"\tid='evssSlider-1'\n\tdata-attributes='{&quot;slides&quot;:[{&quot;background&quot;:&quot;background-color: ;&quot;,&quot;content&quot;:&quot;&quot;,&quot;contentStyle&quot;:{&quot;color&quot;:&quot;&quot;,&quot;bg&quot;:&quot;background-color: #0000;&quot;}},{&quot;background&quot;:&quot;background-color: ;&quot;,&quot;content&quot;:&quot;&quot;,&quot;contentStyle&quot;:{&quot;color&quot;:&quot;&quot;,&quot;bg&quot;:&quot;background-color: #0000;&quot;}},{&quot;background&quot;:&quot;background-color: ;&quot;,&quot;content&quot;:&quot;&quot;,&quot;contentStyle&quot;:{&quot;color&quot;:&quot;&quot;,&quot;bg&quot;:&quot;background-color: #0000;&quot;}}],&quot;layout&quot;:{&quot;width&quot;:{&quot;desktop&quot;:&quot;1170px&quot;,&quot;tablet&quot;:&quot;&quot;,&quot;mobile&quot;:&quot;450px&quot;},&quot;height&quot;:{&quot;desktop&quot;:&quot;350px&quot;,&quot;tablet&quot;:&quot;&quot;,&quot;mobile&quot;:&quot;&quot;},&quot;align&quot;:{&quot;desktop&quot;:&quot;center&quot;,&quot;tablet&quot;:&quot;&quot;,&quot;mobile&quot;:&quot;&quot;}},&quot;options&quot;:{&quot;breakpoints&quot;:{&quot;0&quot;:{&quot;slidesPerView&quot;:1,&quot;spaceBetween&quot;:15},&quot;481&quot;:{&quot;slidesPerView&quot;:2,&quot;spaceBetween&quot;:20},&quot;961&quot;:{&quot;slidesPerView&quot;:3,&quot;spaceBetween&quot;:30}},&quot;dir&quot;:&quot;ltr&quot;,&quot;direction&quot;:&quot;horizontal&quot;,&quot;centeredSlides&quot;:false,&quot;initialSlide&quot;:0,&quot;grabCursor&quot;:false,&quot;slideToClickedSlide&quot;:false,&quot;effect&quot;:&quot;slide&quot;,&quot;fadeEffect&quot;:{&quot;crossFade&quot;:false},&quot;cubeEffect&quot;:{&quot;slideShadows&quot;:true,&quot;shadow&quot;:true,&quot;shadowOffset&quot;:20,&quot;shadowScale&quot;:0.939999999999999946709294817992486059665679931640625},&quot;flipEffect&quot;:{&quot;slideShadows&quot;:true,&quot;limitRotation&quot;:true},&quot;coverflowEffect&quot;:{&quot;slideShadows&quot;:true,&quot;depth&quot;:100,&quot;rotate&quot;:50,&quot;scale&quot;:1,&quot;stretch&quot;:0,&quot;modifier&quot;:1},&quot;cardsEffect&quot;:{&quot;slideShadows&quot;:true,&quot;rotate&quot;:true,&quot;perSlideOffset&quot;:8,&quot;perSlideRotate&quot;:2},&quot;creativeEffect&quot;:{&quot;prev&quot;:{&quot;translate&quot;:[0,0,0],&quot;rotate&quot;:[0,0,0],&quot;opacity&quot;:1,&quot;scale&quot;:1,&quot;shadow&quot;:true,&quot;origin&quot;:&quot;left bottom&quot;},&quot;next&quot;:{&quot;translate&quot;:[0,0,0],&quot;rotate&quot;:[0,0,0],&quot;opacity&quot;:1,&quot;scale&quot;:1,&quot;shadow&quot;:true,&quot;origin&quot;:&quot;left bottom&quot;},&quot;limitProgress&quot;:1,&quot;perspective&quot;:true,&quot;progressMultiplier&quot;:1,&quot;shadowPerProgress&quot;:false},&quot;speed&quot;:300,&quot;timingFunction&quot;:&quot;cubic-bezier(0.25, 0.1, 0.25, 1.0)&quot;,&quot;loop&quot;:{&quot;mode&quot;:&quot;disabled&quot;,&quot;addBlankSlides&quot;:false,&quot;additionalSlides&quot;:0},&quot;autoplay&quot;:{&quot;enabled&quot;:false,&quot;delay&quot;:3000,&quot;pauseOnMouseEnter&quot;:false,&quot;disableOnInteraction&quot;:true,&quot;reverseDirection&quot;:false,&quot;stopOnLastSlide&quot;:false},&quot;navigation&quot;:{&quot;enabled&quot;:true,&quot;hideOnClick&quot;:false},&quot;pagination&quot;:{&quot;enabled&quot;:true,&quot;hideOnClick&quot;:false,&quot;type&quot;:&quot;bullets&quot;,&quot;clickable&quot;:false,&quot;dynamicBullets&quot;:false,&quot;dynamicMainBullets&quot;:1,&quot;progressbarOpposite&quot;:false},&quot;scrollbar&quot;:{&quot;enabled&quot;:false,&quot;draggable&quot;:false,&quot;hide&quot;:true,&quot;snapOnRelease&quot;:false},&quot;freeMode&quot;:{&quot;enabled&quot;:false,&quot;sticky&quot;:false,&quot;momentum&quot;:true,&quot;momentumRatio&quot;:1,&quot;minimumVelocity&quot;:0.0200000000000000004163336342344337026588618755340576171875,&quot;momentumVelocityRatio&quot;:1,&quot;momentumBounce&quot;:true,&quot;momentumBounceRatio&quot;:1},&quot;keyboard&quot;:{&quot;enabled&quot;:false,&quot;onlyInViewport&quot;:true,&quot;pageUpDown&quot;:false},&quot;mousewheel&quot;:{&quot;enabled&quot;:false,&quot;forceToAxis&quot;:false,&quot;invert&quot;:false,&quot;releaseOnEdges&quot;:false,&quot;sensitivity&quot;:1,&quot;thresholdDelta&quot;:null,&quot;thresholdTime&quot;:null},&quot;parallax&quot;:false,&quot;accessibility&quot;:{&quot;enabled&quot;:true},&quot;zoom&quot;:{&quot;toggle&quot;:false,&quot;minRatio&quot;:1,&quot;maxRatio&quot;:3,&quot;limitToOriginalSize&quot;:false}},&quot;design&quot;:{&quot;slide&quot;:{&quot;padding&quot;:&quot;&quot;,&quot;border&quot;:[],&quot;radius&quot;:&quot;&quot;},&quot;content&quot;:{&quot;maxWidth&quot;:&quot;100%&quot;,&quot;textAlign&quot;:&quot;center&quot;,&quot;horizontalAlign&quot;:&quot;center&quot;,&quot;verticalAlign&quot;:&quot;center&quot;,&quot;padding&quot;:&quot;15px 15px 15px 15px&quot;},&quot;creative&quot;:{&quot;preset&quot;:&quot;default&quot;},&quot;navigation&quot;:{&quot;icon&quot;:&quot;chevron&quot;,&quot;iconSize&quot;:44,&quot;placement&quot;:&quot;outside&quot;,&quot;position&quot;:&quot;center&quot;,&quot;color&quot;:&quot;var(--nv-secondary-accent)&quot;},&quot;pagination&quot;:{&quot;placement&quot;:&quot;inside&quot;,&quot;side&quot;:&quot;bottom&quot;,&quot;position&quot;:&quot;center&quot;,&quot;width&quot;:&quot;8px&quot;,&quot;height&quot;:&quot;8px&quot;,&quot;radius&quot;:&quot;50%&quot;,&quot;gap&quot;:&quot;8px&quot;,&quot;color&quot;:&quot;#333&quot;,&quot;background&quot;:&quot;var(--nv-secondary-accent)&quot;},&quot;scrollbar&quot;:{&quot;position&quot;:&quot;end&quot;,&quot;trackColor&quot;:&quot;#0000001a&quot;,&quot;thumbColor&quot;:&quot;#00000080&quot;}},&quot;align&quot;:&quot;wide&quot;,&quot;hasCustomCSS&quot;:false,&quot;customCSS&quot;:&quot;&quot;,&quot;TrpContentRestriction&quot;:{&quot;restriction_type&quot;:&quot;exclude&quot;,&quot;selected_languages&quot;:[],&quot;panel_open&quot;:true},&quot;otterConditions&quot;:[]}'\n>\n\t<div id='evssSlider-1-contents' style='display: none;'>\n\t\t\t\t\t<div id='slideContent-0'><div class=\"wp-block-image\">\n<figure class=\"aligncenter size-full is-resized\"><img data-recalc-dims=\"1\" loading=\"lazy\" decoding=\"async\" width=\"37\" height=\"40\" data-attachment-id=\"7780\" data-permalink=\"https:\/\/lux-sonnensegel.de\/en\/sun-flex\/2025-icon-idea\/\" data-orig-file=\"https:\/\/i0.wp.com\/lux-sonnensegel.de\/wp-content\/uploads\/2025\/04\/2025-Icon-Idea.png?fit=37%2C40&amp;quality=80&amp;ssl=1\" data-orig-size=\"37,40\" data-comments-opened=\"0\" data-image-meta=\"{&quot;aperture&quot;:&quot;0&quot;,&quot;credit&quot;:&quot;&quot;,&quot;camera&quot;:&quot;&quot;,&quot;caption&quot;:&quot;&quot;,&quot;created_timestamp&quot;:&quot;0&quot;,&quot;copyright&quot;:&quot;&quot;,&quot;focal_length&quot;:&quot;0&quot;,&quot;iso&quot;:&quot;0&quot;,&quot;shutter_speed&quot;:&quot;0&quot;,&quot;title&quot;:&quot;&quot;,&quot;orientation&quot;:&quot;0&quot;}\" data-image-title=\"2025-Icon Idea\" data-image-description=\"\" data-image-caption=\"\" data-large-file=\"https:\/\/i0.wp.com\/lux-sonnensegel.de\/wp-content\/uploads\/2025\/04\/2025-Icon-Idea.png?fit=37%2C40&amp;quality=80&amp;ssl=1\" src=\"https:\/\/i0.wp.com\/lux-sonnensegel.de\/wp-content\/uploads\/2025\/04\/2025-Icon-Idea.png?resize=37%2C40&#038;quality=80&#038;ssl=1\" alt=\"\" class=\"wp-image-7780\" style=\"width:50px\" srcset=\"https:\/\/i0.wp.com\/lux-sonnensegel.de\/wp-content\/uploads\/2025\/04\/2025-Icon-Idea.png?w=37&amp;quality=80&amp;ssl=1 37w, https:\/\/i0.wp.com\/lux-sonnensegel.de\/wp-content\/uploads\/2025\/04\/2025-Icon-Idea.png?resize=11%2C12&amp;quality=80&amp;ssl=1 11w\" sizes=\"auto, (max-width: 37px) 100vw, 37px\" \/><\/figure>\n<\/div>\n\n\n<h3 class=\"wp-block-heading has-text-align-center has-neve-link-hover-color-color has-text-color has-link-color wp-elements-640a3ac8dbb3f7a15b0650a8d1ec548f\" id=\"h-optimierte-fundamentlosung\">optimierte Fundamentl\u00f6sung<\/h3>\n\n\n\n<p class=\"has-text-align-center\"><em>Parkfl\u00e4chen w\u00e4hrend der Bauzeit weitgehend uneingeschr\u00e4nkt nutzbar.<\/em><\/p>\n\n\n\n<p><\/p>\n<\/div>\n\t\t\t\t\t<div id='slideContent-1'><div class=\"wp-block-image\">\n<figure class=\"aligncenter size-full is-resized\"><img data-recalc-dims=\"1\" loading=\"lazy\" decoding=\"async\" width=\"100\" height=\"94\" data-attachment-id=\"7671\" data-permalink=\"https:\/\/lux-sonnensegel.de\/en\/sunfurl-systeme\/magic-2\/\" data-orig-file=\"https:\/\/i0.wp.com\/lux-sonnensegel.de\/wp-content\/uploads\/2025\/04\/magic-1.png?fit=100%2C94&amp;quality=80&amp;ssl=1\" data-orig-size=\"100,94\" data-comments-opened=\"0\" data-image-meta=\"{&quot;aperture&quot;:&quot;0&quot;,&quot;credit&quot;:&quot;&quot;,&quot;camera&quot;:&quot;&quot;,&quot;caption&quot;:&quot;&quot;,&quot;created_timestamp&quot;:&quot;0&quot;,&quot;copyright&quot;:&quot;&quot;,&quot;focal_length&quot;:&quot;0&quot;,&quot;iso&quot;:&quot;0&quot;,&quot;shutter_speed&quot;:&quot;0&quot;,&quot;title&quot;:&quot;&quot;,&quot;orientation&quot;:&quot;0&quot;}\" data-image-title=\"magic\" data-image-description=\"\" data-image-caption=\"\" data-large-file=\"https:\/\/i0.wp.com\/lux-sonnensegel.de\/wp-content\/uploads\/2025\/04\/magic-1.png?fit=100%2C94&amp;quality=80&amp;ssl=1\" src=\"https:\/\/i0.wp.com\/lux-sonnensegel.de\/wp-content\/uploads\/2025\/04\/magic-1.png?resize=100%2C94&#038;quality=80&#038;ssl=1\" alt=\"\" class=\"wp-image-7671\" style=\"width:50px\" srcset=\"https:\/\/i0.wp.com\/lux-sonnensegel.de\/wp-content\/uploads\/2025\/04\/magic-1.png?w=100&amp;quality=80&amp;ssl=1 100w, https:\/\/i0.wp.com\/lux-sonnensegel.de\/wp-content\/uploads\/2025\/04\/magic-1.png?resize=13%2C12&amp;quality=80&amp;ssl=1 13w\" sizes=\"auto, (max-width: 100px) 100vw, 100px\" \/><\/figure>\n<\/div>\n\n\n<h3 class=\"wp-block-heading has-text-align-center has-neve-link-hover-color-color has-text-color has-link-color wp-elements-7c89591090fb4ff662ce358a09a69a1b\" id=\"h-beschattung-amp-stromertrag\">Beschattung &amp; Stromertrag<\/h3>\n\n\n\n<p class=\"has-text-align-center\"><em>Die perfekte Kombination<br>Schatten f\u00fcrs Fahrzeug<br>Sonnenstrom f\u00fcrs Gesch\u00e4ft<\/em><\/p>\n\n\n\n<p><\/p>\n<\/div>\n\t\t\t\t\t<div id='slideContent-2'><div class=\"wp-block-image\">\n<figure class=\"aligncenter size-full is-resized\"><img data-recalc-dims=\"1\" loading=\"lazy\" decoding=\"async\" width=\"50\" height=\"40\" data-attachment-id=\"7779\" data-permalink=\"https:\/\/lux-sonnensegel.de\/en\/sun-flex\/2025-icon-hand\/\" data-orig-file=\"https:\/\/i0.wp.com\/lux-sonnensegel.de\/wp-content\/uploads\/2025\/04\/2025-Icon-hand.png?fit=50%2C40&amp;quality=80&amp;ssl=1\" data-orig-size=\"50,40\" data-comments-opened=\"0\" data-image-meta=\"{&quot;aperture&quot;:&quot;0&quot;,&quot;credit&quot;:&quot;&quot;,&quot;camera&quot;:&quot;&quot;,&quot;caption&quot;:&quot;&quot;,&quot;created_timestamp&quot;:&quot;0&quot;,&quot;copyright&quot;:&quot;&quot;,&quot;focal_length&quot;:&quot;0&quot;,&quot;iso&quot;:&quot;0&quot;,&quot;shutter_speed&quot;:&quot;0&quot;,&quot;title&quot;:&quot;&quot;,&quot;orientation&quot;:&quot;0&quot;}\" data-image-title=\"2025-Icon hand\" data-image-description=\"\" data-image-caption=\"\" data-large-file=\"https:\/\/i0.wp.com\/lux-sonnensegel.de\/wp-content\/uploads\/2025\/04\/2025-Icon-hand.png?fit=50%2C40&amp;quality=80&amp;ssl=1\" src=\"https:\/\/i0.wp.com\/lux-sonnensegel.de\/wp-content\/uploads\/2025\/04\/2025-Icon-hand.png?resize=50%2C40&#038;quality=80&#038;ssl=1\" alt=\"\" class=\"wp-image-7779\" style=\"width:50px\" srcset=\"https:\/\/i0.wp.com\/lux-sonnensegel.de\/wp-content\/uploads\/2025\/04\/2025-Icon-hand.png?w=50&amp;quality=80&amp;ssl=1 50w, https:\/\/i0.wp.com\/lux-sonnensegel.de\/wp-content\/uploads\/2025\/04\/2025-Icon-hand.png?resize=15%2C12&amp;quality=80&amp;ssl=1 15w\" sizes=\"auto, (max-width: 50px) 100vw, 50px\" \/><\/figure>\n<\/div>\n\n\n<h3 class=\"wp-block-heading has-text-align-center has-neve-link-hover-color-color has-text-color has-link-color wp-elements-76eb7226d97153d475ae9900b60645d8\" id=\"h-modulares-system-beliebig-erweiterbar\">Klimaschutz<br>sichtbar gemacht<\/h3>\n\n\n\n<p class=\"has-text-align-center\"><em>Klimaschutz beginnt dort, <br>wo wir ihn sehen<br>und erleben.<\/em><\/p>\n<\/div>\n\t\t\t<\/div>\n<\/div><\/div>\n<\/div><\/div>\n\n\n\n<div id=\"wp-block-themeisle-blocks-advanced-columns-407e2359\" class=\"nv-cv-m wp-block-themeisle-blocks-advanced-columns alignfull has-1-columns has-desktop-equal-layout has-tablet-equal-layout has-mobile-equal-layout has-vertical-unset has-light-bg\"><div class=\"wp-block-themeisle-blocks-advanced-columns-overlay\"><\/div><div class=\"innerblocks-wrap\">\n<div id=\"wp-block-themeisle-blocks-advanced-column-af060cbf\" class=\"wp-block-themeisle-blocks-advanced-column\">\n<h3 id=\"wp-block-themeisle-blocks-advanced-heading-d060fbbc\" class=\"wp-block-themeisle-blocks-advanced-heading wp-block-themeisle-blocks-advanced-heading-d060fbbc\">Solar-Parkpl\u00e4tze \u2013 Sonnenenergie clever nutzen, Fahrzeuge smart sch\u00fctzen<\/h3>\n\n\n\n<p>Verwandeln Sie ungenutzte Parkfl\u00e4chen in wahre Energiezentren! Mit unseren innovativen PV-Parkpl\u00e4tzen schlagen Sie zwei Fliegen mit einer Klappe: Sie produzieren saubere Solarenergie und bieten gleichzeitig zuverl\u00e4ssigen Schutz f\u00fcr Fahrzeuge \u2013 vor Sonne, Regen, Hagel und Schnee.<\/p>\n\n\n<div class=\"wp-block-image is-style-default\">\n<figure class=\"aligncenter size-large\"><img data-recalc-dims=\"1\" loading=\"lazy\" decoding=\"async\" width=\"1024\" height=\"389\" data-attachment-id=\"5429\" data-permalink=\"https:\/\/lux-sonnensegel.de\/en\/solar-parkplaetze\/attachment\/14\/\" data-orig-file=\"https:\/\/i0.wp.com\/lux-sonnensegel.de\/wp-content\/uploads\/2024\/11\/14.png?fit=1196%2C454&amp;quality=80&amp;ssl=1\" data-orig-size=\"1196,454\" data-comments-opened=\"1\" data-image-meta=\"{&quot;aperture&quot;:&quot;0&quot;,&quot;credit&quot;:&quot;&quot;,&quot;camera&quot;:&quot;&quot;,&quot;caption&quot;:&quot;&quot;,&quot;created_timestamp&quot;:&quot;0&quot;,&quot;copyright&quot;:&quot;&quot;,&quot;focal_length&quot;:&quot;0&quot;,&quot;iso&quot;:&quot;0&quot;,&quot;shutter_speed&quot;:&quot;0&quot;,&quot;title&quot;:&quot;&quot;,&quot;orientation&quot;:&quot;0&quot;}\" data-image-title=\"14\" data-image-description=\"\" data-image-caption=\"\" data-large-file=\"https:\/\/i0.wp.com\/lux-sonnensegel.de\/wp-content\/uploads\/2024\/11\/14.png?fit=1024%2C389&amp;quality=80&amp;ssl=1\" src=\"https:\/\/i0.wp.com\/lux-sonnensegel.de\/wp-content\/uploads\/2024\/11\/14.png?resize=1024%2C389&#038;quality=80&#038;ssl=1\" alt=\"\" class=\"wp-image-5429\" style=\"object-fit:cover\" srcset=\"https:\/\/i0.wp.com\/lux-sonnensegel.de\/wp-content\/uploads\/2024\/11\/14.png?resize=1024%2C389&amp;quality=80&amp;ssl=1 1024w, https:\/\/i0.wp.com\/lux-sonnensegel.de\/wp-content\/uploads\/2024\/11\/14.png?resize=300%2C114&amp;quality=80&amp;ssl=1 300w, https:\/\/i0.wp.com\/lux-sonnensegel.de\/wp-content\/uploads\/2024\/11\/14.png?resize=768%2C292&amp;quality=80&amp;ssl=1 768w, https:\/\/i0.wp.com\/lux-sonnensegel.de\/wp-content\/uploads\/2024\/11\/14.png?resize=18%2C7&amp;quality=80&amp;ssl=1 18w, https:\/\/i0.wp.com\/lux-sonnensegel.de\/wp-content\/uploads\/2024\/11\/14.png?w=1196&amp;quality=80&amp;ssl=1 1196w\" sizes=\"auto, (max-width: 1024px) 100vw, 1024px\" \/><figcaption class=\"wp-element-caption\"><em><sup>Vergleich Innentemperatur des Auto bei Sonneneinstrahlung<\/sup><\/em><\/figcaption><\/figure>\n<\/div>\n\n\n<p>Egal ob f\u00fcr Unternehmen, Kommunen oder private Projekte: Unsere modernen Photovoltaik-Carports setzen ein starkes Zeichen f\u00fcr Nachhaltigkeit und Zukunftsdenken.<\/p>\n\n\n\n<p><strong>Warum sich PV-Parkpl\u00e4tze f\u00fcr Sie lohnen:<\/strong><br>\u2600\ufe0f <strong>Gr\u00fcner Strom direkt vom Parkplatz<\/strong> \u2013 senken Sie Energiekosten und profitieren Sie von staatlichen F\u00f6rderungen.<br>\ud83d\ude97 <strong>Wetterschutz mit Stil<\/strong> \u2013 Ihre Fahrzeuge stehen sicher und komfortabel.<br>\ud83c\udf0d <strong>Klimaschutz sichtbar gemacht<\/strong> \u2013 zeigen Sie Ihr Engagement f\u00fcr eine bessere Zukunft.<br>\ud83d\udca1 <strong>Doppelte Nutzung, doppelter Mehrwert<\/strong> \u2013 nutzen Sie Ihre Fl\u00e4che effizienter als je zuvor.<\/p>\n\n\n\n<h3 id=\"wp-block-themeisle-blocks-advanced-heading-451b275c\" class=\"wp-block-themeisle-blocks-advanced-heading wp-block-themeisle-blocks-advanced-heading-451b275c\">Nutzen Sie das Potenzial Ihrer Fl\u00e4che \u2013 starten Sie jetzt in eine sonnige Zukunft!<\/h3>\n\n\n\n<div class=\"wp-block-buttons is-vertical is-content-justification-center is-layout-flex wp-container-core-buttons-is-layout-9a7cdcfd wp-block-buttons-is-layout-flex\" style=\"border-style:none;border-width:0px;border-radius:10px\">\n<div class=\"wp-block-button is-style-primary\"><a class=\"wp-block-button__link wp-element-button\" href=\"https:\/\/lux-sonnensegel.de\/wp-content\/uploads\/2025\/05\/2025-Parkplatz-Flyer.pdf\">Katalog 2025<\/a><\/div>\n<\/div>\n<\/div>\n<\/div><\/div>\n\n\n\n<div id=\"wp-block-themeisle-blocks-advanced-columns-ac12881a\" class=\"nv-cv-m wp-block-themeisle-blocks-advanced-columns alignfull has-1-columns has-desktop-equal-layout has-tablet-equal-layout has-mobile-collapsedRows-layout has-vertical-center\"><div class=\"wp-block-themeisle-blocks-advanced-columns-overlay\"><\/div><div class=\"innerblocks-wrap\">\n<div id=\"wp-block-themeisle-blocks-advanced-column-f3e5f33a\" class=\"wp-block-themeisle-blocks-advanced-column\">\n<div class=\"wp-block-jetpack-tiled-gallery aligncenter is-style-columns\" style=\"padding-top:0;padding-right:0;padding-bottom:0;padding-left:0\"><div class=\"has-rounded-corners-10\"><div class=\"tiled-gallery__gallery\"><div class=\"tiled-gallery__row\"><div class=\"tiled-gallery__col\" style=\"flex-basis:23.04142%\"><figure class=\"tiled-gallery__item\"><a href=\"https:\/\/i0.wp.com\/lux-sonnensegel.de\/wp-content\/uploads\/2025\/05\/2025-Grid-PV-Parkplatz-01.png?quality=80&#038;ssl=1\"><img decoding=\"async\" data-attachment-id=\"8152\" data-permalink=\"https:\/\/lux-sonnensegel.de\/en\/solar-parkplaetze\/2025-grid-pv-parkplatz-01\/\" data-orig-file=\"https:\/\/i0.wp.com\/lux-sonnensegel.de\/wp-content\/uploads\/2025\/05\/2025-Grid-PV-Parkplatz-01.png?fit=269%2C202&amp;quality=80&amp;ssl=1\" data-orig-size=\"269,202\" data-comments-opened=\"0\" data-image-meta=\"{&quot;aperture&quot;:&quot;0&quot;,&quot;credit&quot;:&quot;&quot;,&quot;camera&quot;:&quot;&quot;,&quot;caption&quot;:&quot;&quot;,&quot;created_timestamp&quot;:&quot;0&quot;,&quot;copyright&quot;:&quot;&quot;,&quot;focal_length&quot;:&quot;0&quot;,&quot;iso&quot;:&quot;0&quot;,&quot;shutter_speed&quot;:&quot;0&quot;,&quot;title&quot;:&quot;&quot;,&quot;orientation&quot;:&quot;0&quot;}\" data-image-title=\"2025-Grid PV-Parkplatz 01\" data-image-description=\"\" data-image-caption=\"\" data-large-file=\"https:\/\/i0.wp.com\/lux-sonnensegel.de\/wp-content\/uploads\/2025\/05\/2025-Grid-PV-Parkplatz-01.png?fit=269%2C202&amp;quality=80&amp;ssl=1\" data-attachment-id=\"8152\" data-permalink=\"https:\/\/lux-sonnensegel.de\/en\/solar-parkplaetze\/2025-grid-pv-parkplatz-01\/\" data-orig-file=\"https:\/\/i0.wp.com\/lux-sonnensegel.de\/wp-content\/uploads\/2025\/05\/2025-Grid-PV-Parkplatz-01.png?fit=269%2C202&amp;quality=80&amp;ssl=1\" data-orig-size=\"269,202\" data-comments-opened=\"0\" data-image-meta=\"{&quot;aperture&quot;:&quot;0&quot;,&quot;credit&quot;:&quot;&quot;,&quot;camera&quot;:&quot;&quot;,&quot;caption&quot;:&quot;&quot;,&quot;created_timestamp&quot;:&quot;0&quot;,&quot;copyright&quot;:&quot;&quot;,&quot;focal_length&quot;:&quot;0&quot;,&quot;iso&quot;:&quot;0&quot;,&quot;shutter_speed&quot;:&quot;0&quot;,&quot;title&quot;:&quot;&quot;,&quot;orientation&quot;:&quot;0&quot;}\" data-image-title=\"2025-Grid PV-Parkplatz 01\" data-image-description=\"\" data-image-caption=\"\" data-large-file=\"https:\/\/i0.wp.com\/lux-sonnensegel.de\/wp-content\/uploads\/2025\/05\/2025-Grid-PV-Parkplatz-01.png?fit=269%2C202&amp;quality=80&amp;ssl=1\" role=\"button\" tabindex=\"0\" aria-label=\"Open image 1 of 9 in full-screen\"srcset=\"https:\/\/i0.wp.com\/lux-sonnensegel.de\/wp-content\/uploads\/2025\/05\/2025-Grid-PV-Parkplatz-01.png?strip=info&#038;w=269&#038;ssl=1 269w\" alt=\"\" data-height=\"202\" data-id=\"8152\" data-link=\"https:\/\/lux-sonnensegel.de\/solar-parkplaetze\/2025-grid-pv-parkplatz-01\/\" data-url=\"https:\/\/lux-sonnensegel.de\/wp-content\/uploads\/2025\/05\/2025-Grid-PV-Parkplatz-01.png\" data-width=\"269\" src=\"https:\/\/i0.wp.com\/lux-sonnensegel.de\/wp-content\/uploads\/2025\/05\/2025-Grid-PV-Parkplatz-01.png?ssl=1\" data-amp-layout=\"responsive\" tabindex=\"0\" role=\"button\" aria-label=\"Open image 1 of 9 in full-screen\"\/><\/a><\/figure><figure class=\"tiled-gallery__item\"><a href=\"https:\/\/i0.wp.com\/lux-sonnensegel.de\/wp-content\/uploads\/2025\/05\/2025-Grid-PV-Parkplatz-02.png?quality=80&#038;ssl=1\"><img decoding=\"async\" data-attachment-id=\"8158\" data-permalink=\"https:\/\/lux-sonnensegel.de\/en\/solar-parkplaetze\/2025-grid-pv-parkplatz-02\/\" data-orig-file=\"https:\/\/i0.wp.com\/lux-sonnensegel.de\/wp-content\/uploads\/2025\/05\/2025-Grid-PV-Parkplatz-02.png?fit=270%2C202&amp;quality=80&amp;ssl=1\" data-orig-size=\"270,202\" data-comments-opened=\"0\" data-image-meta=\"{&quot;aperture&quot;:&quot;0&quot;,&quot;credit&quot;:&quot;&quot;,&quot;camera&quot;:&quot;&quot;,&quot;caption&quot;:&quot;&quot;,&quot;created_timestamp&quot;:&quot;0&quot;,&quot;copyright&quot;:&quot;&quot;,&quot;focal_length&quot;:&quot;0&quot;,&quot;iso&quot;:&quot;0&quot;,&quot;shutter_speed&quot;:&quot;0&quot;,&quot;title&quot;:&quot;&quot;,&quot;orientation&quot;:&quot;0&quot;}\" data-image-title=\"2025-Grid PV-Parkplatz 02\" data-image-description=\"\" data-image-caption=\"\" data-large-file=\"https:\/\/i0.wp.com\/lux-sonnensegel.de\/wp-content\/uploads\/2025\/05\/2025-Grid-PV-Parkplatz-02.png?fit=270%2C202&amp;quality=80&amp;ssl=1\" data-attachment-id=\"8158\" data-permalink=\"https:\/\/lux-sonnensegel.de\/en\/solar-parkplaetze\/2025-grid-pv-parkplatz-02\/\" data-orig-file=\"https:\/\/i0.wp.com\/lux-sonnensegel.de\/wp-content\/uploads\/2025\/05\/2025-Grid-PV-Parkplatz-02.png?fit=270%2C202&amp;quality=80&amp;ssl=1\" data-orig-size=\"270,202\" data-comments-opened=\"0\" data-image-meta=\"{&quot;aperture&quot;:&quot;0&quot;,&quot;credit&quot;:&quot;&quot;,&quot;camera&quot;:&quot;&quot;,&quot;caption&quot;:&quot;&quot;,&quot;created_timestamp&quot;:&quot;0&quot;,&quot;copyright&quot;:&quot;&quot;,&quot;focal_length&quot;:&quot;0&quot;,&quot;iso&quot;:&quot;0&quot;,&quot;shutter_speed&quot;:&quot;0&quot;,&quot;title&quot;:&quot;&quot;,&quot;orientation&quot;:&quot;0&quot;}\" data-image-title=\"2025-Grid PV-Parkplatz 02\" data-image-description=\"\" data-image-caption=\"\" data-large-file=\"https:\/\/i0.wp.com\/lux-sonnensegel.de\/wp-content\/uploads\/2025\/05\/2025-Grid-PV-Parkplatz-02.png?fit=270%2C202&amp;quality=80&amp;ssl=1\" role=\"button\" tabindex=\"0\" aria-label=\"Open image 2 of 9 in full-screen\"srcset=\"https:\/\/i0.wp.com\/lux-sonnensegel.de\/wp-content\/uploads\/2025\/05\/2025-Grid-PV-Parkplatz-02.png?strip=info&#038;w=270&#038;ssl=1 270w\" alt=\"\" data-height=\"202\" data-id=\"8158\" data-link=\"https:\/\/lux-sonnensegel.de\/solar-parkplaetze\/2025-grid-pv-parkplatz-02\/\" data-url=\"https:\/\/lux-sonnensegel.de\/wp-content\/uploads\/2025\/05\/2025-Grid-PV-Parkplatz-02.png\" data-width=\"270\" src=\"https:\/\/i0.wp.com\/lux-sonnensegel.de\/wp-content\/uploads\/2025\/05\/2025-Grid-PV-Parkplatz-02.png?ssl=1\" data-amp-layout=\"responsive\" tabindex=\"0\" role=\"button\" aria-label=\"Open image 2 of 9 in full-screen\"\/><\/a><\/figure><figure class=\"tiled-gallery__item\"><a href=\"https:\/\/i0.wp.com\/lux-sonnensegel.de\/wp-content\/uploads\/2025\/05\/2025-Grid-PV-Parkplatz-03.png?quality=80&#038;ssl=1\"><img decoding=\"async\" data-attachment-id=\"8157\" data-permalink=\"https:\/\/lux-sonnensegel.de\/en\/solar-parkplaetze\/2025-grid-pv-parkplatz-03\/\" data-orig-file=\"https:\/\/i0.wp.com\/lux-sonnensegel.de\/wp-content\/uploads\/2025\/05\/2025-Grid-PV-Parkplatz-03.png?fit=269%2C202&amp;quality=80&amp;ssl=1\" data-orig-size=\"269,202\" data-comments-opened=\"0\" data-image-meta=\"{&quot;aperture&quot;:&quot;0&quot;,&quot;credit&quot;:&quot;&quot;,&quot;camera&quot;:&quot;&quot;,&quot;caption&quot;:&quot;&quot;,&quot;created_timestamp&quot;:&quot;0&quot;,&quot;copyright&quot;:&quot;&quot;,&quot;focal_length&quot;:&quot;0&quot;,&quot;iso&quot;:&quot;0&quot;,&quot;shutter_speed&quot;:&quot;0&quot;,&quot;title&quot;:&quot;&quot;,&quot;orientation&quot;:&quot;0&quot;}\" data-image-title=\"2025-Grid PV-Parkplatz 03\" data-image-description=\"\" data-image-caption=\"\" data-large-file=\"https:\/\/i0.wp.com\/lux-sonnensegel.de\/wp-content\/uploads\/2025\/05\/2025-Grid-PV-Parkplatz-03.png?fit=269%2C202&amp;quality=80&amp;ssl=1\" data-attachment-id=\"8157\" data-permalink=\"https:\/\/lux-sonnensegel.de\/en\/solar-parkplaetze\/2025-grid-pv-parkplatz-03\/\" data-orig-file=\"https:\/\/i0.wp.com\/lux-sonnensegel.de\/wp-content\/uploads\/2025\/05\/2025-Grid-PV-Parkplatz-03.png?fit=269%2C202&amp;quality=80&amp;ssl=1\" data-orig-size=\"269,202\" data-comments-opened=\"0\" data-image-meta=\"{&quot;aperture&quot;:&quot;0&quot;,&quot;credit&quot;:&quot;&quot;,&quot;camera&quot;:&quot;&quot;,&quot;caption&quot;:&quot;&quot;,&quot;created_timestamp&quot;:&quot;0&quot;,&quot;copyright&quot;:&quot;&quot;,&quot;focal_length&quot;:&quot;0&quot;,&quot;iso&quot;:&quot;0&quot;,&quot;shutter_speed&quot;:&quot;0&quot;,&quot;title&quot;:&quot;&quot;,&quot;orientation&quot;:&quot;0&quot;}\" data-image-title=\"2025-Grid PV-Parkplatz 03\" data-image-description=\"\" data-image-caption=\"\" data-large-file=\"https:\/\/i0.wp.com\/lux-sonnensegel.de\/wp-content\/uploads\/2025\/05\/2025-Grid-PV-Parkplatz-03.png?fit=269%2C202&amp;quality=80&amp;ssl=1\" role=\"button\" tabindex=\"0\" aria-label=\"Open image 3 of 9 in full-screen\"srcset=\"https:\/\/i0.wp.com\/lux-sonnensegel.de\/wp-content\/uploads\/2025\/05\/2025-Grid-PV-Parkplatz-03.png?strip=info&#038;w=269&#038;ssl=1 269w\" alt=\"\" data-height=\"202\" data-id=\"8157\" data-link=\"https:\/\/lux-sonnensegel.de\/solar-parkplaetze\/2025-grid-pv-parkplatz-03\/\" data-url=\"https:\/\/lux-sonnensegel.de\/wp-content\/uploads\/2025\/05\/2025-Grid-PV-Parkplatz-03.png\" data-width=\"269\" src=\"https:\/\/i0.wp.com\/lux-sonnensegel.de\/wp-content\/uploads\/2025\/05\/2025-Grid-PV-Parkplatz-03.png?ssl=1\" data-amp-layout=\"responsive\" tabindex=\"0\" role=\"button\" aria-label=\"Open image 3 of 9 in full-screen\"\/><\/a><\/figure><figure class=\"tiled-gallery__item\"><a href=\"https:\/\/i0.wp.com\/lux-sonnensegel.de\/wp-content\/uploads\/2025\/05\/2025-Grid-PV-Parkplatz-04.png?quality=80&#038;ssl=1\"><img decoding=\"async\" data-attachment-id=\"8156\" data-permalink=\"https:\/\/lux-sonnensegel.de\/en\/solar-parkplaetze\/2025-grid-pv-parkplatz-04\/\" data-orig-file=\"https:\/\/i0.wp.com\/lux-sonnensegel.de\/wp-content\/uploads\/2025\/05\/2025-Grid-PV-Parkplatz-04.png?fit=269%2C202&amp;quality=80&amp;ssl=1\" data-orig-size=\"269,202\" data-comments-opened=\"0\" data-image-meta=\"{&quot;aperture&quot;:&quot;0&quot;,&quot;credit&quot;:&quot;&quot;,&quot;camera&quot;:&quot;&quot;,&quot;caption&quot;:&quot;&quot;,&quot;created_timestamp&quot;:&quot;0&quot;,&quot;copyright&quot;:&quot;&quot;,&quot;focal_length&quot;:&quot;0&quot;,&quot;iso&quot;:&quot;0&quot;,&quot;shutter_speed&quot;:&quot;0&quot;,&quot;title&quot;:&quot;&quot;,&quot;orientation&quot;:&quot;0&quot;}\" data-image-title=\"2025-Grid PV-Parkplatz 04\" data-image-description=\"\" data-image-caption=\"\" data-large-file=\"https:\/\/i0.wp.com\/lux-sonnensegel.de\/wp-content\/uploads\/2025\/05\/2025-Grid-PV-Parkplatz-04.png?fit=269%2C202&amp;quality=80&amp;ssl=1\" data-attachment-id=\"8156\" data-permalink=\"https:\/\/lux-sonnensegel.de\/en\/solar-parkplaetze\/2025-grid-pv-parkplatz-04\/\" data-orig-file=\"https:\/\/i0.wp.com\/lux-sonnensegel.de\/wp-content\/uploads\/2025\/05\/2025-Grid-PV-Parkplatz-04.png?fit=269%2C202&amp;quality=80&amp;ssl=1\" data-orig-size=\"269,202\" data-comments-opened=\"0\" data-image-meta=\"{&quot;aperture&quot;:&quot;0&quot;,&quot;credit&quot;:&quot;&quot;,&quot;camera&quot;:&quot;&quot;,&quot;caption&quot;:&quot;&quot;,&quot;created_timestamp&quot;:&quot;0&quot;,&quot;copyright&quot;:&quot;&quot;,&quot;focal_length&quot;:&quot;0&quot;,&quot;iso&quot;:&quot;0&quot;,&quot;shutter_speed&quot;:&quot;0&quot;,&quot;title&quot;:&quot;&quot;,&quot;orientation&quot;:&quot;0&quot;}\" data-image-title=\"2025-Grid PV-Parkplatz 04\" data-image-description=\"\" data-image-caption=\"\" data-large-file=\"https:\/\/i0.wp.com\/lux-sonnensegel.de\/wp-content\/uploads\/2025\/05\/2025-Grid-PV-Parkplatz-04.png?fit=269%2C202&amp;quality=80&amp;ssl=1\" role=\"button\" tabindex=\"0\" aria-label=\"Open image 4 of 9 in full-screen\"srcset=\"https:\/\/i0.wp.com\/lux-sonnensegel.de\/wp-content\/uploads\/2025\/05\/2025-Grid-PV-Parkplatz-04.png?strip=info&#038;w=269&#038;ssl=1 269w\" alt=\"\" data-height=\"202\" data-id=\"8156\" data-link=\"https:\/\/lux-sonnensegel.de\/solar-parkplaetze\/2025-grid-pv-parkplatz-04\/\" data-url=\"https:\/\/lux-sonnensegel.de\/wp-content\/uploads\/2025\/05\/2025-Grid-PV-Parkplatz-04.png\" data-width=\"269\" src=\"https:\/\/i0.wp.com\/lux-sonnensegel.de\/wp-content\/uploads\/2025\/05\/2025-Grid-PV-Parkplatz-04.png?ssl=1\" data-amp-layout=\"responsive\" tabindex=\"0\" role=\"button\" aria-label=\"Open image 4 of 9 in full-screen\"\/><\/a><\/figure><\/div><div class=\"tiled-gallery__col\" style=\"flex-basis:30.75777%\"><figure class=\"tiled-gallery__item\"><a href=\"https:\/\/i0.wp.com\/lux-sonnensegel.de\/wp-content\/uploads\/2025\/05\/2025-Grid-PV-Parkplatz-05.png?quality=80&#038;ssl=1\"><img decoding=\"async\" data-attachment-id=\"8155\" data-permalink=\"https:\/\/lux-sonnensegel.de\/en\/solar-parkplaetze\/2025-grid-pv-parkplatz-05\/\" data-orig-file=\"https:\/\/i0.wp.com\/lux-sonnensegel.de\/wp-content\/uploads\/2025\/05\/2025-Grid-PV-Parkplatz-05.png?fit=359%2C269&amp;quality=80&amp;ssl=1\" data-orig-size=\"359,269\" data-comments-opened=\"0\" data-image-meta=\"{&quot;aperture&quot;:&quot;0&quot;,&quot;credit&quot;:&quot;&quot;,&quot;camera&quot;:&quot;&quot;,&quot;caption&quot;:&quot;&quot;,&quot;created_timestamp&quot;:&quot;0&quot;,&quot;copyright&quot;:&quot;&quot;,&quot;focal_length&quot;:&quot;0&quot;,&quot;iso&quot;:&quot;0&quot;,&quot;shutter_speed&quot;:&quot;0&quot;,&quot;title&quot;:&quot;&quot;,&quot;orientation&quot;:&quot;0&quot;}\" data-image-title=\"2025-Grid PV-Parkplatz 05\" data-image-description=\"\" data-image-caption=\"\" data-large-file=\"https:\/\/i0.wp.com\/lux-sonnensegel.de\/wp-content\/uploads\/2025\/05\/2025-Grid-PV-Parkplatz-05.png?fit=359%2C269&amp;quality=80&amp;ssl=1\" data-attachment-id=\"8155\" data-permalink=\"https:\/\/lux-sonnensegel.de\/en\/solar-parkplaetze\/2025-grid-pv-parkplatz-05\/\" data-orig-file=\"https:\/\/i0.wp.com\/lux-sonnensegel.de\/wp-content\/uploads\/2025\/05\/2025-Grid-PV-Parkplatz-05.png?fit=359%2C269&amp;quality=80&amp;ssl=1\" data-orig-size=\"359,269\" data-comments-opened=\"0\" data-image-meta=\"{&quot;aperture&quot;:&quot;0&quot;,&quot;credit&quot;:&quot;&quot;,&quot;camera&quot;:&quot;&quot;,&quot;caption&quot;:&quot;&quot;,&quot;created_timestamp&quot;:&quot;0&quot;,&quot;copyright&quot;:&quot;&quot;,&quot;focal_length&quot;:&quot;0&quot;,&quot;iso&quot;:&quot;0&quot;,&quot;shutter_speed&quot;:&quot;0&quot;,&quot;title&quot;:&quot;&quot;,&quot;orientation&quot;:&quot;0&quot;}\" data-image-title=\"2025-Grid PV-Parkplatz 05\" data-image-description=\"\" data-image-caption=\"\" data-large-file=\"https:\/\/i0.wp.com\/lux-sonnensegel.de\/wp-content\/uploads\/2025\/05\/2025-Grid-PV-Parkplatz-05.png?fit=359%2C269&amp;quality=80&amp;ssl=1\" role=\"button\" tabindex=\"0\" aria-label=\"Open image 5 of 9 in full-screen\"srcset=\"https:\/\/i0.wp.com\/lux-sonnensegel.de\/wp-content\/uploads\/2025\/05\/2025-Grid-PV-Parkplatz-05.png?strip=info&#038;w=359&#038;ssl=1 359w\" alt=\"\" data-height=\"269\" data-id=\"8155\" data-link=\"https:\/\/lux-sonnensegel.de\/solar-parkplaetze\/2025-grid-pv-parkplatz-05\/\" data-url=\"https:\/\/lux-sonnensegel.de\/wp-content\/uploads\/2025\/05\/2025-Grid-PV-Parkplatz-05.png\" data-width=\"359\" src=\"https:\/\/i0.wp.com\/lux-sonnensegel.de\/wp-content\/uploads\/2025\/05\/2025-Grid-PV-Parkplatz-05.png?ssl=1\" data-amp-layout=\"responsive\" tabindex=\"0\" role=\"button\" aria-label=\"Open image 5 of 9 in full-screen\"\/><\/a><\/figure><figure class=\"tiled-gallery__item\"><a href=\"https:\/\/i0.wp.com\/lux-sonnensegel.de\/wp-content\/uploads\/2025\/05\/2025-Grid-PV-Parkplatz-06.png?quality=80&#038;ssl=1\"><img decoding=\"async\" data-attachment-id=\"8154\" data-permalink=\"https:\/\/lux-sonnensegel.de\/en\/solar-parkplaetze\/2025-grid-pv-parkplatz-06\/\" data-orig-file=\"https:\/\/i0.wp.com\/lux-sonnensegel.de\/wp-content\/uploads\/2025\/05\/2025-Grid-PV-Parkplatz-06.png?fit=360%2C270&amp;quality=80&amp;ssl=1\" data-orig-size=\"360,270\" data-comments-opened=\"0\" data-image-meta=\"{&quot;aperture&quot;:&quot;0&quot;,&quot;credit&quot;:&quot;&quot;,&quot;camera&quot;:&quot;&quot;,&quot;caption&quot;:&quot;&quot;,&quot;created_timestamp&quot;:&quot;0&quot;,&quot;copyright&quot;:&quot;&quot;,&quot;focal_length&quot;:&quot;0&quot;,&quot;iso&quot;:&quot;0&quot;,&quot;shutter_speed&quot;:&quot;0&quot;,&quot;title&quot;:&quot;&quot;,&quot;orientation&quot;:&quot;0&quot;}\" data-image-title=\"2025-Grid PV-Parkplatz 06\" data-image-description=\"\" data-image-caption=\"\" data-large-file=\"https:\/\/i0.wp.com\/lux-sonnensegel.de\/wp-content\/uploads\/2025\/05\/2025-Grid-PV-Parkplatz-06.png?fit=360%2C270&amp;quality=80&amp;ssl=1\" data-attachment-id=\"8154\" data-permalink=\"https:\/\/lux-sonnensegel.de\/en\/solar-parkplaetze\/2025-grid-pv-parkplatz-06\/\" data-orig-file=\"https:\/\/i0.wp.com\/lux-sonnensegel.de\/wp-content\/uploads\/2025\/05\/2025-Grid-PV-Parkplatz-06.png?fit=360%2C270&amp;quality=80&amp;ssl=1\" data-orig-size=\"360,270\" data-comments-opened=\"0\" data-image-meta=\"{&quot;aperture&quot;:&quot;0&quot;,&quot;credit&quot;:&quot;&quot;,&quot;camera&quot;:&quot;&quot;,&quot;caption&quot;:&quot;&quot;,&quot;created_timestamp&quot;:&quot;0&quot;,&quot;copyright&quot;:&quot;&quot;,&quot;focal_length&quot;:&quot;0&quot;,&quot;iso&quot;:&quot;0&quot;,&quot;shutter_speed&quot;:&quot;0&quot;,&quot;title&quot;:&quot;&quot;,&quot;orientation&quot;:&quot;0&quot;}\" data-image-title=\"2025-Grid PV-Parkplatz 06\" data-image-description=\"\" data-image-caption=\"\" data-large-file=\"https:\/\/i0.wp.com\/lux-sonnensegel.de\/wp-content\/uploads\/2025\/05\/2025-Grid-PV-Parkplatz-06.png?fit=360%2C270&amp;quality=80&amp;ssl=1\" role=\"button\" tabindex=\"0\" aria-label=\"Open image 6 of 9 in full-screen\"srcset=\"https:\/\/i0.wp.com\/lux-sonnensegel.de\/wp-content\/uploads\/2025\/05\/2025-Grid-PV-Parkplatz-06.png?strip=info&#038;w=360&#038;ssl=1 360w\" alt=\"\" data-height=\"270\" data-id=\"8154\" data-link=\"https:\/\/lux-sonnensegel.de\/solar-parkplaetze\/2025-grid-pv-parkplatz-06\/\" data-url=\"https:\/\/lux-sonnensegel.de\/wp-content\/uploads\/2025\/05\/2025-Grid-PV-Parkplatz-06.png\" data-width=\"360\" src=\"https:\/\/i0.wp.com\/lux-sonnensegel.de\/wp-content\/uploads\/2025\/05\/2025-Grid-PV-Parkplatz-06.png?ssl=1\" data-amp-layout=\"responsive\" tabindex=\"0\" role=\"button\" aria-label=\"Open image 6 of 9 in full-screen\"\/><\/a><\/figure><figure class=\"tiled-gallery__item\"><a href=\"https:\/\/i0.wp.com\/lux-sonnensegel.de\/wp-content\/uploads\/2025\/05\/2025-Grid-PV-Parkplatz-07.png?quality=80&#038;ssl=1\"><img decoding=\"async\" data-attachment-id=\"8153\" data-permalink=\"https:\/\/lux-sonnensegel.de\/en\/solar-parkplaetze\/2025-grid-pv-parkplatz-07\/\" data-orig-file=\"https:\/\/i0.wp.com\/lux-sonnensegel.de\/wp-content\/uploads\/2025\/05\/2025-Grid-PV-Parkplatz-07.png?fit=360%2C270&amp;quality=80&amp;ssl=1\" data-orig-size=\"360,270\" data-comments-opened=\"0\" data-image-meta=\"{&quot;aperture&quot;:&quot;0&quot;,&quot;credit&quot;:&quot;&quot;,&quot;camera&quot;:&quot;&quot;,&quot;caption&quot;:&quot;&quot;,&quot;created_timestamp&quot;:&quot;0&quot;,&quot;copyright&quot;:&quot;&quot;,&quot;focal_length&quot;:&quot;0&quot;,&quot;iso&quot;:&quot;0&quot;,&quot;shutter_speed&quot;:&quot;0&quot;,&quot;title&quot;:&quot;&quot;,&quot;orientation&quot;:&quot;0&quot;}\" data-image-title=\"2025-Grid PV-Parkplatz 07\" data-image-description=\"\" data-image-caption=\"\" data-large-file=\"https:\/\/i0.wp.com\/lux-sonnensegel.de\/wp-content\/uploads\/2025\/05\/2025-Grid-PV-Parkplatz-07.png?fit=360%2C270&amp;quality=80&amp;ssl=1\" data-attachment-id=\"8153\" data-permalink=\"https:\/\/lux-sonnensegel.de\/en\/solar-parkplaetze\/2025-grid-pv-parkplatz-07\/\" data-orig-file=\"https:\/\/i0.wp.com\/lux-sonnensegel.de\/wp-content\/uploads\/2025\/05\/2025-Grid-PV-Parkplatz-07.png?fit=360%2C270&amp;quality=80&amp;ssl=1\" data-orig-size=\"360,270\" data-comments-opened=\"0\" data-image-meta=\"{&quot;aperture&quot;:&quot;0&quot;,&quot;credit&quot;:&quot;&quot;,&quot;camera&quot;:&quot;&quot;,&quot;caption&quot;:&quot;&quot;,&quot;created_timestamp&quot;:&quot;0&quot;,&quot;copyright&quot;:&quot;&quot;,&quot;focal_length&quot;:&quot;0&quot;,&quot;iso&quot;:&quot;0&quot;,&quot;shutter_speed&quot;:&quot;0&quot;,&quot;title&quot;:&quot;&quot;,&quot;orientation&quot;:&quot;0&quot;}\" data-image-title=\"2025-Grid PV-Parkplatz 07\" data-image-description=\"\" data-image-caption=\"\" data-large-file=\"https:\/\/i0.wp.com\/lux-sonnensegel.de\/wp-content\/uploads\/2025\/05\/2025-Grid-PV-Parkplatz-07.png?fit=360%2C270&amp;quality=80&amp;ssl=1\" role=\"button\" tabindex=\"0\" aria-label=\"Open image 7 of 9 in full-screen\"srcset=\"https:\/\/i0.wp.com\/lux-sonnensegel.de\/wp-content\/uploads\/2025\/05\/2025-Grid-PV-Parkplatz-07.png?strip=info&#038;w=360&#038;ssl=1 360w\" alt=\"\" data-height=\"270\" data-id=\"8153\" data-link=\"https:\/\/lux-sonnensegel.de\/solar-parkplaetze\/2025-grid-pv-parkplatz-07\/\" data-url=\"https:\/\/lux-sonnensegel.de\/wp-content\/uploads\/2025\/05\/2025-Grid-PV-Parkplatz-07.png\" data-width=\"360\" src=\"https:\/\/i0.wp.com\/lux-sonnensegel.de\/wp-content\/uploads\/2025\/05\/2025-Grid-PV-Parkplatz-07.png?ssl=1\" data-amp-layout=\"responsive\" tabindex=\"0\" role=\"button\" aria-label=\"Open image 7 of 9 in full-screen\"\/><\/a><\/figure><\/div><div class=\"tiled-gallery__col\" style=\"flex-basis:46.20081%\"><figure class=\"tiled-gallery__item\"><a href=\"https:\/\/i0.wp.com\/lux-sonnensegel.de\/wp-content\/uploads\/2025\/05\/2025-Grid-PV-Parkplatz-08.png?quality=80&#038;ssl=1\"><img decoding=\"async\" data-attachment-id=\"8128\" data-permalink=\"https:\/\/lux-sonnensegel.de\/en\/solar-parkplaetze\/2025-grid-pv-parkplatz-08\/\" data-orig-file=\"https:\/\/i0.wp.com\/lux-sonnensegel.de\/wp-content\/uploads\/2025\/05\/2025-Grid-PV-Parkplatz-08.png?fit=580%2C434&amp;quality=80&amp;ssl=1\" data-orig-size=\"580,434\" data-comments-opened=\"0\" data-image-meta=\"{&quot;aperture&quot;:&quot;0&quot;,&quot;credit&quot;:&quot;&quot;,&quot;camera&quot;:&quot;&quot;,&quot;caption&quot;:&quot;&quot;,&quot;created_timestamp&quot;:&quot;0&quot;,&quot;copyright&quot;:&quot;&quot;,&quot;focal_length&quot;:&quot;0&quot;,&quot;iso&quot;:&quot;0&quot;,&quot;shutter_speed&quot;:&quot;0&quot;,&quot;title&quot;:&quot;&quot;,&quot;orientation&quot;:&quot;0&quot;}\" data-image-title=\"2025-Grid PV-Parkplatz 08\" data-image-description=\"\" data-image-caption=\"\" data-large-file=\"https:\/\/i0.wp.com\/lux-sonnensegel.de\/wp-content\/uploads\/2025\/05\/2025-Grid-PV-Parkplatz-08.png?fit=580%2C434&amp;quality=80&amp;ssl=1\" data-attachment-id=\"8128\" data-permalink=\"https:\/\/lux-sonnensegel.de\/en\/solar-parkplaetze\/2025-grid-pv-parkplatz-08\/\" data-orig-file=\"https:\/\/i0.wp.com\/lux-sonnensegel.de\/wp-content\/uploads\/2025\/05\/2025-Grid-PV-Parkplatz-08.png?fit=580%2C434&amp;quality=80&amp;ssl=1\" data-orig-size=\"580,434\" data-comments-opened=\"0\" data-image-meta=\"{&quot;aperture&quot;:&quot;0&quot;,&quot;credit&quot;:&quot;&quot;,&quot;camera&quot;:&quot;&quot;,&quot;caption&quot;:&quot;&quot;,&quot;created_timestamp&quot;:&quot;0&quot;,&quot;copyright&quot;:&quot;&quot;,&quot;focal_length&quot;:&quot;0&quot;,&quot;iso&quot;:&quot;0&quot;,&quot;shutter_speed&quot;:&quot;0&quot;,&quot;title&quot;:&quot;&quot;,&quot;orientation&quot;:&quot;0&quot;}\" data-image-title=\"2025-Grid PV-Parkplatz 08\" data-image-description=\"\" data-image-caption=\"\" data-large-file=\"https:\/\/i0.wp.com\/lux-sonnensegel.de\/wp-content\/uploads\/2025\/05\/2025-Grid-PV-Parkplatz-08.png?fit=580%2C434&amp;quality=80&amp;ssl=1\" role=\"button\" tabindex=\"0\" aria-label=\"Open image 8 of 9 in full-screen\"srcset=\"https:\/\/i0.wp.com\/lux-sonnensegel.de\/wp-content\/uploads\/2025\/05\/2025-Grid-PV-Parkplatz-08.png?strip=info&#038;w=580&#038;ssl=1 580w\" alt=\"\" data-height=\"434\" data-id=\"8128\" data-link=\"https:\/\/lux-sonnensegel.de\/solar-parkplaetze\/2025-grid-pv-parkplatz-08\/\" data-url=\"https:\/\/lux-sonnensegel.de\/wp-content\/uploads\/2025\/05\/2025-Grid-PV-Parkplatz-08.png\" data-width=\"580\" src=\"https:\/\/i0.wp.com\/lux-sonnensegel.de\/wp-content\/uploads\/2025\/05\/2025-Grid-PV-Parkplatz-08.png?ssl=1\" data-amp-layout=\"responsive\" tabindex=\"0\" role=\"button\" aria-label=\"Open image 8 of 9 in full-screen\"\/><\/a><\/figure><figure class=\"tiled-gallery__item\"><a href=\"https:\/\/i0.wp.com\/lux-sonnensegel.de\/wp-content\/uploads\/2025\/05\/2025-Grid-PV-Parkplatz-09.png?quality=80&#038;ssl=1\"><img decoding=\"async\" data-attachment-id=\"8127\" data-permalink=\"https:\/\/lux-sonnensegel.de\/en\/solar-parkplaetze\/2025-grid-pv-parkplatz-09\/\" data-orig-file=\"https:\/\/i0.wp.com\/lux-sonnensegel.de\/wp-content\/uploads\/2025\/05\/2025-Grid-PV-Parkplatz-09.png?fit=580%2C435&amp;quality=80&amp;ssl=1\" data-orig-size=\"580,435\" data-comments-opened=\"0\" data-image-meta=\"{&quot;aperture&quot;:&quot;0&quot;,&quot;credit&quot;:&quot;&quot;,&quot;camera&quot;:&quot;&quot;,&quot;caption&quot;:&quot;&quot;,&quot;created_timestamp&quot;:&quot;0&quot;,&quot;copyright&quot;:&quot;&quot;,&quot;focal_length&quot;:&quot;0&quot;,&quot;iso&quot;:&quot;0&quot;,&quot;shutter_speed&quot;:&quot;0&quot;,&quot;title&quot;:&quot;&quot;,&quot;orientation&quot;:&quot;0&quot;}\" data-image-title=\"2025-Grid PV-Parkplatz 09\" data-image-description=\"\" data-image-caption=\"\" data-large-file=\"https:\/\/i0.wp.com\/lux-sonnensegel.de\/wp-content\/uploads\/2025\/05\/2025-Grid-PV-Parkplatz-09.png?fit=580%2C435&amp;quality=80&amp;ssl=1\" data-attachment-id=\"8127\" data-permalink=\"https:\/\/lux-sonnensegel.de\/en\/solar-parkplaetze\/2025-grid-pv-parkplatz-09\/\" data-orig-file=\"https:\/\/i0.wp.com\/lux-sonnensegel.de\/wp-content\/uploads\/2025\/05\/2025-Grid-PV-Parkplatz-09.png?fit=580%2C435&amp;quality=80&amp;ssl=1\" data-orig-size=\"580,435\" data-comments-opened=\"0\" data-image-meta=\"{&quot;aperture&quot;:&quot;0&quot;,&quot;credit&quot;:&quot;&quot;,&quot;camera&quot;:&quot;&quot;,&quot;caption&quot;:&quot;&quot;,&quot;created_timestamp&quot;:&quot;0&quot;,&quot;copyright&quot;:&quot;&quot;,&quot;focal_length&quot;:&quot;0&quot;,&quot;iso&quot;:&quot;0&quot;,&quot;shutter_speed&quot;:&quot;0&quot;,&quot;title&quot;:&quot;&quot;,&quot;orientation&quot;:&quot;0&quot;}\" data-image-title=\"2025-Grid PV-Parkplatz 09\" data-image-description=\"\" data-image-caption=\"\" data-large-file=\"https:\/\/i0.wp.com\/lux-sonnensegel.de\/wp-content\/uploads\/2025\/05\/2025-Grid-PV-Parkplatz-09.png?fit=580%2C435&amp;quality=80&amp;ssl=1\" role=\"button\" tabindex=\"0\" aria-label=\"Open image 9 of 9 in full-screen\"srcset=\"https:\/\/i0.wp.com\/lux-sonnensegel.de\/wp-content\/uploads\/2025\/05\/2025-Grid-PV-Parkplatz-09.png?strip=info&#038;w=580&#038;ssl=1 580w\" alt=\"\" data-height=\"435\" data-id=\"8127\" data-link=\"https:\/\/lux-sonnensegel.de\/solar-parkplaetze\/2025-grid-pv-parkplatz-09\/\" data-url=\"https:\/\/lux-sonnensegel.de\/wp-content\/uploads\/2025\/05\/2025-Grid-PV-Parkplatz-09.png\" data-width=\"580\" src=\"https:\/\/i0.wp.com\/lux-sonnensegel.de\/wp-content\/uploads\/2025\/05\/2025-Grid-PV-Parkplatz-09.png?ssl=1\" data-amp-layout=\"responsive\" tabindex=\"0\" role=\"button\" aria-label=\"Open image 9 of 9 in full-screen\"\/><\/a><\/figure><\/div><\/div><\/div><\/div><\/div>\n<\/div>\n<\/div><\/div>\n\n\n\n<section id=\"wp-block-themeisle-blocks-advanced-columns-546fa8db\" class=\"nv-cv-d nv-cv-m wp-block-themeisle-blocks-advanced-columns alignfull has-1-columns has-desktop-equal-layout has-tablet-equal-layout has-mobile-collapsedRows-layout has-vertical-center has-dark-bg\"><div class=\"wp-block-themeisle-blocks-advanced-columns-overlay\"><\/div><div class=\"innerblocks-wrap\">\n<div id=\"wp-block-themeisle-blocks-advanced-column-9fc2bbb9\" class=\"wp-block-themeisle-blocks-advanced-column\">\n<h2 id=\"wp-block-themeisle-blocks-advanced-heading-069d02cd\" class=\"wp-block-themeisle-blocks-advanced-heading wp-block-themeisle-blocks-advanced-heading-069d02cd\">Jetzt Kontakt aufnehmen.<\/h2>\n\n\n\n<div class=\"wp-block-buttons is-content-justification-center is-layout-flex wp-container-core-buttons-is-layout-16018d1d wp-block-buttons-is-layout-flex\" style=\"border-radius:10px\">\n<div class=\"wp-block-button has-custom-width wp-block-button__width-50\"><a class=\"wp-block-button__link has-nv-dark-bg-color has-neve-link-hover-color-background-color has-text-color has-background has-medium-font-size has-custom-font-size wp-element-button\" href=\"https:\/\/lux-sonnensegel.de\/kontakt\/\" style=\"border-radius:10px\">Kontakt<\/a><\/div>\n<\/div>\n<\/div>\n<\/div><\/section>\n","protected":false},"excerpt":{"rendered":"","protected":false},"author":2,"featured_media":8155,"parent":0,"menu_order":0,"comment_status":"closed","ping_status":"closed","template":"","meta":{"neve_meta_sidebar":"","neve_meta_container":"","neve_meta_enable_content_width":"","neve_meta_content_width":0,"neve_meta_title_alignment":"","neve_meta_author_avatar":"","neve_post_elements_order":"","neve_meta_disable_header":"","neve_meta_disable_footer":"","neve_meta_disable_title":"on","neve_meta_reading_time":"","_themeisle_gutenberg_block_has_review":false,"_ti_tpc_template_sync":false,"_ti_tpc_template_id":"","footnotes":""},"class_list":["post-5161","page","type-page","status-publish","has-post-thumbnail","hentry"],"yoast_head":"<!-- This site is optimized with the Yoast SEO Premium plugin v27.0 (Yoast SEO v27.0) - https:\/\/yoast.com\/product\/yoast-seo-premium-wordpress\/ -->\n<title>SolarParkpl\u00e4tze - LUX Sonnensegel<\/title>\n<meta name=\"description\" content=\"Die perfekte Kombination aus Fahrzeugschutz und Stromerzeugung. Solar-Parkpl\u00e4tze mit halbtransparenten PV-Modulen.\" \/>\n<meta name=\"robots\" content=\"index, follow, max-snippet:-1, max-image-preview:large, max-video-preview:-1\" \/>\n<link rel=\"canonical\" href=\"https:\/\/lux-sonnensegel.de\/en\/solar-parkplaetze\/\" \/>\n<meta property=\"og:locale\" content=\"en_US\" \/>\n<meta property=\"og:type\" content=\"article\" \/>\n<meta property=\"og:title\" content=\"SolarParkpl\u00e4tze\" \/>\n<meta property=\"og:description\" content=\"Die perfekte Kombination aus Fahrzeugschutz und Stromerzeugung. Solar-Parkpl\u00e4tze mit halbtransparenten PV-Modulen.\" \/>\n<meta property=\"og:url\" content=\"https:\/\/lux-sonnensegel.de\/en\/solar-parkplaetze\/\" \/>\n<meta property=\"og:site_name\" content=\"LUX Sonnensegel\" \/>\n<meta property=\"article:publisher\" content=\"https:\/\/www.facebook.com\/profile.php?id=61554761846864\" \/>\n<meta property=\"article:modified_time\" content=\"2025-05-20T08:44:59+00:00\" \/>\n<meta property=\"og:image\" content=\"https:\/\/lux-sonnensegel.de\/wp-content\/uploads\/2025\/05\/2025-Grid-PV-Parkplatz-05.png\" \/>\n\t<meta property=\"og:image:width\" content=\"359\" \/>\n\t<meta property=\"og:image:height\" content=\"269\" \/>\n\t<meta property=\"og:image:type\" content=\"image\/png\" \/>\n<meta name=\"twitter:card\" content=\"summary_large_image\" \/>\n<meta name=\"twitter:label1\" content=\"Est. reading time\" \/>\n\t<meta name=\"twitter:data1\" content=\"4 minutes\" \/>\n<script type=\"application\/ld+json\" class=\"yoast-schema-graph\">{\"@context\":\"https:\/\/schema.org\",\"@graph\":[{\"@type\":\"WebPage\",\"@id\":\"https:\/\/lux-sonnensegel.de\/solar-parkplaetze\/\",\"url\":\"https:\/\/lux-sonnensegel.de\/solar-parkplaetze\/\",\"name\":\"SolarParkpl\u00e4tze - LUX Sonnensegel\",\"isPartOf\":{\"@id\":\"https:\/\/lux-sonnensegel.de\/en\/#website\"},\"primaryImageOfPage\":{\"@id\":\"https:\/\/lux-sonnensegel.de\/solar-parkplaetze\/#primaryimage\"},\"image\":{\"@id\":\"https:\/\/lux-sonnensegel.de\/solar-parkplaetze\/#primaryimage\"},\"thumbnailUrl\":\"https:\/\/i0.wp.com\/lux-sonnensegel.de\/wp-content\/uploads\/2025\/05\/2025-Grid-PV-Parkplatz-05.png?fit=359%2C269&quality=80&ssl=1\",\"datePublished\":\"2024-11-27T10:04:17+00:00\",\"dateModified\":\"2025-05-20T08:44:59+00:00\",\"description\":\"Die perfekte Kombination aus Fahrzeugschutz und Stromerzeugung. Solar-Parkpl\u00e4tze mit halbtransparenten PV-Modulen.\",\"breadcrumb\":{\"@id\":\"https:\/\/lux-sonnensegel.de\/solar-parkplaetze\/#breadcrumb\"},\"inLanguage\":\"en-US\",\"potentialAction\":[{\"@type\":\"ReadAction\",\"target\":[\"https:\/\/lux-sonnensegel.de\/solar-parkplaetze\/\"]}]},{\"@type\":\"ImageObject\",\"inLanguage\":\"en-US\",\"@id\":\"https:\/\/lux-sonnensegel.de\/solar-parkplaetze\/#primaryimage\",\"url\":\"https:\/\/i0.wp.com\/lux-sonnensegel.de\/wp-content\/uploads\/2025\/05\/2025-Grid-PV-Parkplatz-05.png?fit=359%2C269&quality=80&ssl=1\",\"contentUrl\":\"https:\/\/i0.wp.com\/lux-sonnensegel.de\/wp-content\/uploads\/2025\/05\/2025-Grid-PV-Parkplatz-05.png?fit=359%2C269&quality=80&ssl=1\",\"width\":359,\"height\":269},{\"@type\":\"BreadcrumbList\",\"@id\":\"https:\/\/lux-sonnensegel.de\/solar-parkplaetze\/#breadcrumb\",\"itemListElement\":[{\"@type\":\"ListItem\",\"position\":1,\"name\":\"Startseite\",\"item\":\"https:\/\/lux-sonnensegel.de\/\"},{\"@type\":\"ListItem\",\"position\":2,\"name\":\"SolarParkpl\u00e4tze\"}]},{\"@type\":\"WebSite\",\"@id\":\"https:\/\/lux-sonnensegel.de\/en\/#website\",\"url\":\"https:\/\/lux-sonnensegel.de\/en\/\",\"name\":\"LUX Sonnensegel\",\"description\":\"\",\"publisher\":{\"@id\":\"https:\/\/lux-sonnensegel.de\/en\/#organization\"},\"potentialAction\":[{\"@type\":\"SearchAction\",\"target\":{\"@type\":\"EntryPoint\",\"urlTemplate\":\"https:\/\/lux-sonnensegel.de\/en\/?s={search_term_string}\"},\"query-input\":{\"@type\":\"PropertyValueSpecification\",\"valueRequired\":true,\"valueName\":\"search_term_string\"}}],\"inLanguage\":\"en-US\"},{\"@type\":\"Organization\",\"@id\":\"https:\/\/lux-sonnensegel.de\/en\/#organization\",\"name\":\"LUX Sonnensegel\",\"url\":\"https:\/\/lux-sonnensegel.de\/en\/\",\"logo\":{\"@type\":\"ImageObject\",\"inLanguage\":\"en-US\",\"@id\":\"https:\/\/lux-sonnensegel.de\/en\/#\/schema\/logo\/image\/\",\"url\":\"https:\/\/i0.wp.com\/lux-sonnensegel.de\/wp-content\/uploads\/2024\/09\/cropped-2023.01_1035-Logo-LUX-Sonnensegel.png?fit=200%2C95&quality=80&ssl=1\",\"contentUrl\":\"https:\/\/i0.wp.com\/lux-sonnensegel.de\/wp-content\/uploads\/2024\/09\/cropped-2023.01_1035-Logo-LUX-Sonnensegel.png?fit=200%2C95&quality=80&ssl=1\",\"width\":200,\"height\":95,\"caption\":\"LUX Sonnensegel\"},\"image\":{\"@id\":\"https:\/\/lux-sonnensegel.de\/en\/#\/schema\/logo\/image\/\"},\"sameAs\":[\"https:\/\/www.facebook.com\/profile.php?id=61554761846864\"]}]}<\/script>\n<!-- \/ Yoast SEO Premium plugin. -->","yoast_head_json":{"title":"SolarParkpl\u00e4tze - LUX Sonnensegel","description":"Die perfekte Kombination aus Fahrzeugschutz und Stromerzeugung. Solar-Parkpl\u00e4tze mit halbtransparenten PV-Modulen.","robots":{"index":"index","follow":"follow","max-snippet":"max-snippet:-1","max-image-preview":"max-image-preview:large","max-video-preview":"max-video-preview:-1"},"canonical":"https:\/\/lux-sonnensegel.de\/en\/solar-parkplaetze\/","og_locale":"en_US","og_type":"article","og_title":"SolarParkpl\u00e4tze","og_description":"Die perfekte Kombination aus Fahrzeugschutz und Stromerzeugung. Solar-Parkpl\u00e4tze mit halbtransparenten PV-Modulen.","og_url":"https:\/\/lux-sonnensegel.de\/en\/solar-parkplaetze\/","og_site_name":"LUX Sonnensegel","article_publisher":"https:\/\/www.facebook.com\/profile.php?id=61554761846864","article_modified_time":"2025-05-20T08:44:59+00:00","og_image":[{"width":359,"height":269,"url":"https:\/\/lux-sonnensegel.de\/wp-content\/uploads\/2025\/05\/2025-Grid-PV-Parkplatz-05.png","type":"image\/png"}],"twitter_card":"summary_large_image","twitter_misc":{"Est. reading time":"4 minutes"},"schema":{"@context":"https:\/\/schema.org","@graph":[{"@type":"WebPage","@id":"https:\/\/lux-sonnensegel.de\/solar-parkplaetze\/","url":"https:\/\/lux-sonnensegel.de\/solar-parkplaetze\/","name":"SolarParkpl\u00e4tze - LUX Sonnensegel","isPartOf":{"@id":"https:\/\/lux-sonnensegel.de\/en\/#website"},"primaryImageOfPage":{"@id":"https:\/\/lux-sonnensegel.de\/solar-parkplaetze\/#primaryimage"},"image":{"@id":"https:\/\/lux-sonnensegel.de\/solar-parkplaetze\/#primaryimage"},"thumbnailUrl":"https:\/\/i0.wp.com\/lux-sonnensegel.de\/wp-content\/uploads\/2025\/05\/2025-Grid-PV-Parkplatz-05.png?fit=359%2C269&quality=80&ssl=1","datePublished":"2024-11-27T10:04:17+00:00","dateModified":"2025-05-20T08:44:59+00:00","description":"Die perfekte Kombination aus Fahrzeugschutz und Stromerzeugung. Solar-Parkpl\u00e4tze mit halbtransparenten PV-Modulen.","breadcrumb":{"@id":"https:\/\/lux-sonnensegel.de\/solar-parkplaetze\/#breadcrumb"},"inLanguage":"en-US","potentialAction":[{"@type":"ReadAction","target":["https:\/\/lux-sonnensegel.de\/solar-parkplaetze\/"]}]},{"@type":"ImageObject","inLanguage":"en-US","@id":"https:\/\/lux-sonnensegel.de\/solar-parkplaetze\/#primaryimage","url":"https:\/\/i0.wp.com\/lux-sonnensegel.de\/wp-content\/uploads\/2025\/05\/2025-Grid-PV-Parkplatz-05.png?fit=359%2C269&quality=80&ssl=1","contentUrl":"https:\/\/i0.wp.com\/lux-sonnensegel.de\/wp-content\/uploads\/2025\/05\/2025-Grid-PV-Parkplatz-05.png?fit=359%2C269&quality=80&ssl=1","width":359,"height":269},{"@type":"BreadcrumbList","@id":"https:\/\/lux-sonnensegel.de\/solar-parkplaetze\/#breadcrumb","itemListElement":[{"@type":"ListItem","position":1,"name":"Startseite","item":"https:\/\/lux-sonnensegel.de\/"},{"@type":"ListItem","position":2,"name":"SolarParkpl\u00e4tze"}]},{"@type":"WebSite","@id":"https:\/\/lux-sonnensegel.de\/en\/#website","url":"https:\/\/lux-sonnensegel.de\/en\/","name":"LUX SUN SAIL","description":"","publisher":{"@id":"https:\/\/lux-sonnensegel.de\/en\/#organization"},"potentialAction":[{"@type":"SearchAction","target":{"@type":"EntryPoint","urlTemplate":"https:\/\/lux-sonnensegel.de\/en\/?s={search_term_string}"},"query-input":{"@type":"PropertyValueSpecification","valueRequired":true,"valueName":"search_term_string"}}],"inLanguage":"en-US"},{"@type":"Organization","@id":"https:\/\/lux-sonnensegel.de\/en\/#organization","name":"LUX SUN SAIL","url":"https:\/\/lux-sonnensegel.de\/en\/","logo":{"@type":"ImageObject","inLanguage":"en-US","@id":"https:\/\/lux-sonnensegel.de\/en\/#\/schema\/logo\/image\/","url":"https:\/\/i0.wp.com\/lux-sonnensegel.de\/wp-content\/uploads\/2024\/09\/cropped-2023.01_1035-Logo-LUX-Sonnensegel.png?fit=200%2C95&quality=80&ssl=1","contentUrl":"https:\/\/i0.wp.com\/lux-sonnensegel.de\/wp-content\/uploads\/2024\/09\/cropped-2023.01_1035-Logo-LUX-Sonnensegel.png?fit=200%2C95&quality=80&ssl=1","width":200,"height":95,"caption":"LUX Sonnensegel"},"image":{"@id":"https:\/\/lux-sonnensegel.de\/en\/#\/schema\/logo\/image\/"},"sameAs":["https:\/\/www.facebook.com\/profile.php?id=61554761846864"]}]}},"jetpack_shortlink":"https:\/\/wp.me\/Pg1WFk-1lf","jetpack_sharing_enabled":true,"_links":{"self":[{"href":"https:\/\/lux-sonnensegel.de\/en\/wp-json\/wp\/v2\/pages\/5161","targetHints":{"allow":["GET"]}}],"collection":[{"href":"https:\/\/lux-sonnensegel.de\/en\/wp-json\/wp\/v2\/pages"}],"about":[{"href":"https:\/\/lux-sonnensegel.de\/en\/wp-json\/wp\/v2\/types\/page"}],"author":[{"embeddable":true,"href":"https:\/\/lux-sonnensegel.de\/en\/wp-json\/wp\/v2\/users\/2"}],"replies":[{"embeddable":true,"href":"https:\/\/lux-sonnensegel.de\/en\/wp-json\/wp\/v2\/comments?post=5161"}],"version-history":[{"count":28,"href":"https:\/\/lux-sonnensegel.de\/en\/wp-json\/wp\/v2\/pages\/5161\/revisions"}],"predecessor-version":[{"id":8230,"href":"https:\/\/lux-sonnensegel.de\/en\/wp-json\/wp\/v2\/pages\/5161\/revisions\/8230"}],"wp:featuredmedia":[{"embeddable":true,"href":"https:\/\/lux-sonnensegel.de\/en\/wp-json\/wp\/v2\/media\/8155"}],"wp:attachment":[{"href":"https:\/\/lux-sonnensegel.de\/en\/wp-json\/wp\/v2\/media?parent=5161"}],"curies":[{"name":"wp","href":"https:\/\/api.w.org\/{rel}","templated":true}]}}